{"id":211,"date":"2021-01-18T08:15:31","date_gmt":"2021-01-18T08:15:31","guid":{"rendered":"https:\/\/mlinarica.hr\/izmjene\/?page_id=211"},"modified":"2022-02-13T21:27:53","modified_gmt":"2022-02-13T21:27:53","slug":"dnevna-ponuda-gableca-i-jela-s-rostilja","status":"publish","type":"page","link":"https:\/\/mlinarica.hr\/izmjene\/dnevna-ponuda-gableca-i-jela-s-rostilja\/","title":{"rendered":"Kuhinja"},"content":{"rendered":"\t\t<div data-elementor-type=\"wp-page\" data-elementor-id=\"211\" class=\"elementor elementor-211\" data-elementor-post-type=\"page\">\n\t\t\t\t\t\t<section class=\"elementor-section elementor-top-section elementor-element elementor-element-4107007 elementor-section-full_width elementor-section-height-default elementor-section-height-default\" data-id=\"4107007\" data-element_type=\"section\" data-settings=\"{&quot;background_background&quot;:&quot;classic&quot;}\">\n\t\t\t\t\t\t\t<div class=\"elementor-background-overlay\"><\/div>\n\t\t\t\t\t\t\t<div class=\"elementor-container elementor-column-gap-no\">\n\t\t\t\t\t<div class=\"elementor-column elementor-col-100 elementor-top-column elementor-element elementor-element-c29dac9\" data-id=\"c29dac9\" data-element_type=\"column\">\n\t\t\t<div class=\"elementor-widget-wrap elementor-element-populated\">\n\t\t\t\t\t\t<section class=\"elementor-section elementor-inner-section elementor-element elementor-element-489eb17 elementor-section-full_width elementor-section-height-default elementor-section-height-default\" data-id=\"489eb17\" data-element_type=\"section\" data-settings=\"{&quot;background_background&quot;:&quot;classic&quot;}\">\n\t\t\t\t\t\t<div class=\"elementor-container elementor-column-gap-default\">\n\t\t\t\t\t<div class=\"elementor-column elementor-col-100 elementor-inner-column elementor-element elementor-element-4e2f4dc\" data-id=\"4e2f4dc\" data-element_type=\"column\" data-settings=\"{&quot;background_background&quot;:&quot;classic&quot;}\">\n\t\t\t<div class=\"elementor-widget-wrap elementor-element-populated\">\n\t\t\t\t\t\t<div class=\"elementor-element elementor-element-d107feb elementor-widget elementor-widget-heading\" data-id=\"d107feb\" data-element_type=\"widget\" data-widget_type=\"heading.default\">\n\t\t\t\t<div class=\"elementor-widget-container\">\n\t\t\t<h1 class=\"elementor-heading-title elementor-size-default\">Doma\u0107a kuhinja<\/h1>\t\t<\/div>\n\t\t\t\t<\/div>\n\t\t\t\t<div class=\"elementor-element elementor-element-3833be1 elementor-widget elementor-widget-heading\" data-id=\"3833be1\" data-element_type=\"widget\" data-widget_type=\"heading.default\">\n\t\t\t\t<div class=\"elementor-widget-container\">\n\t\t\t<h2 class=\"elementor-heading-title elementor-size-default\">Namirnice s provjerenih farmi i OPG-ova, vlastita prerada mesa,\n<br>dnevna ponuda gableca, pe\u010denja, doma\u0107i kola\u010di i kruh!<\/h2>\t\t<\/div>\n\t\t\t\t<\/div>\n\t\t\t\t<div class=\"elementor-element elementor-element-b23c081 elementor-widget elementor-widget-text-editor\" data-id=\"b23c081\" data-element_type=\"widget\" data-widget_type=\"text-editor.default\">\n\t\t\t\t<div class=\"elementor-widget-container\">\n\t\t\t\t\t\t\t<p>U Mlinarici ve\u0107inu stvari pripremamo sami, pru\u017eaju\u0107i Vam mirise i okuse doma\u0107e kuhinje. Svakodnevno pe\u010demo kruh, kram poga\u010dice, razli\u010dite vrste kiflica, radimo njoke, krokete, kiselimo zelje. <br \/>Svaki dan radimo vlastitu smjesu za \u0107evape i pljeskavice, obra\u0111ujemo meso za dnevne gablece, jela s ro\u0161tilja i jela po narud\u017ebi (vratina, lungi\u0107, tele\u0107i but, svinjska rebrica, beefsteak, ramsteak, junetina).<\/p>\t\t\t\t\t\t<\/div>\n\t\t\t\t<\/div>\n\t\t\t\t<div class=\"elementor-element elementor-element-bbd23d6 elementor-align-center elementor-mobile-align-center elementor-widget elementor-widget-button\" data-id=\"bbd23d6\" data-element_type=\"widget\" data-widget_type=\"button.default\">\n\t\t\t\t<div class=\"elementor-widget-container\">\n\t\t\t\t\t\t\t<div class=\"elementor-button-wrapper\">\n\t\t\t\t\t<a class=\"elementor-button elementor-button-link elementor-size-sm elementor-animation-float\" href=\"https:\/\/mlinarica.hr\/izmjene\/mlinarica-jelovnik\/\">\n\t\t\t\t\t\t<span class=\"elementor-button-content-wrapper\">\n\t\t\t\t\t\t<span class=\"elementor-button-icon\">\n\t\t\t\t<i aria-hidden=\"true\" class=\"fas fa-chevron-right\"><\/i>\t\t\t<\/span>\n\t\t\t\t\t\t\t\t\t<span class=\"elementor-button-text\">pOGLEDAJTE JELOVNIK<\/span>\n\t\t\t\t\t<\/span>\n\t\t\t\t\t<\/a>\n\t\t\t\t<\/div>\n\t\t\t\t\t\t<\/div>\n\t\t\t\t<\/div>\n\t\t\t\t\t<\/div>\n\t\t<\/div>\n\t\t\t\t\t<\/div>\n\t\t<\/section>\n\t\t\t\t<section class=\"elementor-section elementor-inner-section elementor-element elementor-element-a43003e elementor-section-full_width elementor-section-height-default elementor-section-height-default\" data-id=\"a43003e\" data-element_type=\"section\">\n\t\t\t\t\t\t<div class=\"elementor-container elementor-column-gap-no\">\n\t\t\t\t\t<div class=\"elementor-column elementor-col-50 elementor-inner-column elementor-element elementor-element-99a7a4e\" data-id=\"99a7a4e\" data-element_type=\"column\">\n\t\t\t<div class=\"elementor-widget-wrap elementor-element-populated\">\n\t\t\t\t\t\t<div class=\"elementor-element elementor-element-3bc2260 elementor-widget elementor-widget-image\" data-id=\"3bc2260\" data-element_type=\"widget\" data-settings=\"{&quot;_animation&quot;:&quot;none&quot;,&quot;_animation_mobile&quot;:&quot;none&quot;}\" data-widget_type=\"image.default\">\n\t\t\t\t<div class=\"elementor-widget-container\">\n\t\t\t\t\t\t\t\t\t\t\t\t\t<img fetchpriority=\"high\" decoding=\"async\" width=\"768\" height=\"576\" src=\"https:\/\/mlinarica.hr\/izmjene\/wp-content\/uploads\/2021\/04\/Obrada-mesa_cevapi-768x576.jpg\" class=\"attachment-medium_large size-medium_large wp-image-1561\" alt=\"\u0106evapi mlinarica\" srcset=\"https:\/\/mlinarica.hr\/izmjene\/wp-content\/uploads\/2021\/04\/Obrada-mesa_cevapi-768x576.jpg 768w, https:\/\/mlinarica.hr\/izmjene\/wp-content\/uploads\/2021\/04\/Obrada-mesa_cevapi-300x225.jpg 300w, https:\/\/mlinarica.hr\/izmjene\/wp-content\/uploads\/2021\/04\/Obrada-mesa_cevapi-1024x768.jpg 1024w, https:\/\/mlinarica.hr\/izmjene\/wp-content\/uploads\/2021\/04\/Obrada-mesa_cevapi-1536x1152.jpg 1536w, https:\/\/mlinarica.hr\/izmjene\/wp-content\/uploads\/2021\/04\/Obrada-mesa_cevapi.jpg 1600w\" sizes=\"(max-width: 768px) 100vw, 768px\" \/>\t\t\t\t\t\t\t\t\t\t\t\t\t<\/div>\n\t\t\t\t<\/div>\n\t\t\t\t<div class=\"elementor-element elementor-element-3cb6904 elementor-hidden-phone elementor-skin-carousel elementor-arrows-yes elementor-pagination-type-bullets elementor-pagination-position-outside elementor-widget elementor-widget-media-carousel\" data-id=\"3cb6904\" data-element_type=\"widget\" data-settings=\"{&quot;slides_per_view&quot;:&quot;3&quot;,&quot;slides_to_scroll&quot;:&quot;1&quot;,&quot;skin&quot;:&quot;carousel&quot;,&quot;effect&quot;:&quot;slide&quot;,&quot;show_arrows&quot;:&quot;yes&quot;,&quot;pagination&quot;:&quot;bullets&quot;,&quot;speed&quot;:500,&quot;autoplay&quot;:&quot;yes&quot;,&quot;autoplay_speed&quot;:5000,&quot;loop&quot;:&quot;yes&quot;,&quot;pause_on_hover&quot;:&quot;yes&quot;,&quot;pause_on_interaction&quot;:&quot;yes&quot;,&quot;space_between&quot;:{&quot;unit&quot;:&quot;px&quot;,&quot;size&quot;:10,&quot;sizes&quot;:[]},&quot;space_between_tablet&quot;:{&quot;unit&quot;:&quot;px&quot;,&quot;size&quot;:10,&quot;sizes&quot;:[]},&quot;space_between_mobile&quot;:{&quot;unit&quot;:&quot;px&quot;,&quot;size&quot;:10,&quot;sizes&quot;:[]}}\" data-widget_type=\"media-carousel.default\">\n\t\t\t\t<div class=\"elementor-widget-container\">\n\t\t\t\t\t<div class=\"elementor-swiper\">\n\t\t\t<div class=\"elementor-main-swiper swiper\">\n\t\t\t\t<div class=\"swiper-wrapper\">\n\t\t\t\t\t\t\t\t\t\t\t<div class=\"swiper-slide\">\n\t\t\t\t\t\t\t<a href=\"https:\/\/mlinarica.hr\/izmjene\/wp-content\/uploads\/2021\/11\/Mlinarica-vlastita-obrada-mesa-mljevenje-mesa.jpg\" data-elementor-open-lightbox=\"yes\" data-elementor-lightbox-slideshow=\"3cb6904\" data-elementor-lightbox-title=\"Priprema smjese\" data-elementor-lightbox-description=\"Svakodnevno meljemo meso za \u0107evape i pljeskavice\" data-e-action-hash=\"#elementor-action%3Aaction%3Dlightbox%26settings%3DeyJpZCI6Mzc5MCwidXJsIjoiaHR0cHM6XC9cL21saW5hcmljYS5oclwvaXptamVuZVwvd3AtY29udGVudFwvdXBsb2Fkc1wvMjAyMVwvMTFcL01saW5hcmljYS12bGFzdGl0YS1vYnJhZGEtbWVzYS1tbGpldmVuamUtbWVzYS5qcGciLCJzbGlkZXNob3ciOiIzY2I2OTA0In0%3D\">\t\t<div class=\"elementor-carousel-image\" role=\"img\" aria-label=\"Mljevenje mesa\" style=\"background-image: url(&#039;https:\/\/mlinarica.hr\/izmjene\/wp-content\/uploads\/2021\/11\/Mlinarica-vlastita-obrada-mesa-mljevenje-mesa-300x200.jpg&#039;)\">\n\n\t\t\t\n\t\t\t\t\t<\/div>\n\t\t<\/a>\t\t\t\t\t\t<\/div>\n\t\t\t\t\t\t\t\t\t\t\t<div class=\"swiper-slide\">\n\t\t\t\t\t\t\t<a href=\"https:\/\/mlinarica.hr\/izmjene\/wp-content\/uploads\/2021\/04\/obrada-mesa_-mljeveno.jpg\" data-elementor-open-lightbox=\"yes\" data-elementor-lightbox-slideshow=\"3cb6904\" data-elementor-lightbox-title=\"June\u0107a smjesa za \u0107evape i pljeskavice\" data-elementor-lightbox-description=\"Svakodnevni ritual, priprema smjese za \u0107evape i pljeskavice\" data-e-action-hash=\"#elementor-action%3Aaction%3Dlightbox%26settings%3DeyJpZCI6MTU2NCwidXJsIjoiaHR0cHM6XC9cL21saW5hcmljYS5oclwvaXptamVuZVwvd3AtY29udGVudFwvdXBsb2Fkc1wvMjAyMVwvMDRcL29icmFkYS1tZXNhXy1tbGpldmVuby5qcGciLCJzbGlkZXNob3ciOiIzY2I2OTA0In0%3D\">\t\t<div class=\"elementor-carousel-image\" role=\"img\" aria-label=\"Doma\u0107a smjesa\" style=\"background-image: url(&#039;https:\/\/mlinarica.hr\/izmjene\/wp-content\/uploads\/2021\/04\/obrada-mesa_-mljeveno-225x300.jpg&#039;)\">\n\n\t\t\t\n\t\t\t\t\t<\/div>\n\t\t<\/a>\t\t\t\t\t\t<\/div>\n\t\t\t\t\t\t\t\t\t\t\t<div class=\"swiper-slide\">\n\t\t\t\t\t\t\t<a href=\"https:\/\/mlinarica.hr\/izmjene\/wp-content\/uploads\/2021\/11\/Mlinarica-vlastita-obrada-mesa-mijesanje-smjese.jpg\" data-elementor-open-lightbox=\"yes\" data-elementor-lightbox-slideshow=\"3cb6904\" data-elementor-lightbox-title=\"Za\u010dinjena smjesa za na\u0161a jela od mljevenog mesa\" data-elementor-lightbox-description=\"Smjesa za \u0107evape i pljeskavice je spremna za formiranje\" data-e-action-hash=\"#elementor-action%3Aaction%3Dlightbox%26settings%3DeyJpZCI6Mzc5MSwidXJsIjoiaHR0cHM6XC9cL21saW5hcmljYS5oclwvaXptamVuZVwvd3AtY29udGVudFwvdXBsb2Fkc1wvMjAyMVwvMTFcL01saW5hcmljYS12bGFzdGl0YS1vYnJhZGEtbWVzYS1taWplc2FuamUtc21qZXNlLmpwZyIsInNsaWRlc2hvdyI6IjNjYjY5MDQifQ%3D%3D\">\t\t<div class=\"elementor-carousel-image\" role=\"img\" aria-label=\"Doma\u0107a smjesa za \u0107evape i pljeskavice sa za\u010dinima\" style=\"background-image: url(&#039;https:\/\/mlinarica.hr\/izmjene\/wp-content\/uploads\/2021\/11\/Mlinarica-vlastita-obrada-mesa-mijesanje-smjese-300x200.jpg&#039;)\">\n\n\t\t\t\n\t\t\t\t\t<\/div>\n\t\t<\/a>\t\t\t\t\t\t<\/div>\n\t\t\t\t\t\t\t\t\t\t\t<div class=\"swiper-slide\">\n\t\t\t\t\t\t\t<a href=\"https:\/\/mlinarica.hr\/izmjene\/wp-content\/uploads\/2021\/04\/Gableci-slider_4.jpg\" data-elementor-open-lightbox=\"yes\" data-elementor-lightbox-slideshow=\"3cb6904\" data-elementor-lightbox-title=\"Mlinarica-kruh\" data-elementor-lightbox-description=\"Doma\u0107i kruh po tradicionalnom receptu\" data-e-action-hash=\"#elementor-action%3Aaction%3Dlightbox%26settings%3DeyJpZCI6MTU3MCwidXJsIjoiaHR0cHM6XC9cL21saW5hcmljYS5oclwvaXptamVuZVwvd3AtY29udGVudFwvdXBsb2Fkc1wvMjAyMVwvMDRcL0dhYmxlY2ktc2xpZGVyXzQuanBnIiwic2xpZGVzaG93IjoiM2NiNjkwNCJ9\">\t\t<div class=\"elementor-carousel-image\" role=\"img\" aria-label=\"Doma\u0107i kruh\" style=\"background-image: url(&#039;https:\/\/mlinarica.hr\/izmjene\/wp-content\/uploads\/2021\/04\/Gableci-slider_4-300x200.jpg&#039;)\">\n\n\t\t\t\n\t\t\t\t\t<\/div>\n\t\t<\/a>\t\t\t\t\t\t<\/div>\n\t\t\t\t\t\t\t\t\t\t\t<div class=\"swiper-slide\">\n\t\t\t\t\t\t\t<a href=\"https:\/\/mlinarica.hr\/izmjene\/wp-content\/uploads\/2021\/04\/Gableci-slider_5.jpg\" data-elementor-open-lightbox=\"yes\" data-elementor-lightbox-slideshow=\"3cb6904\" data-elementor-lightbox-title=\"Bogato varivo\" data-elementor-lightbox-description=\"Varivo od slanutka, le\u0107e, graha, ri\u010deta sa korjenastim povr\u0107em i suhim mesom\" data-e-action-hash=\"#elementor-action%3Aaction%3Dlightbox%26settings%3DeyJpZCI6MTU3MSwidXJsIjoiaHR0cHM6XC9cL21saW5hcmljYS5oclwvaXptamVuZVwvd3AtY29udGVudFwvdXBsb2Fkc1wvMjAyMVwvMDRcL0dhYmxlY2ktc2xpZGVyXzUuanBnIiwic2xpZGVzaG93IjoiM2NiNjkwNCJ9\">\t\t<div class=\"elementor-carousel-image\" role=\"img\" aria-label=\"Doma\u0107e varivo sa vi\u0161e vrsta grahorica\" style=\"background-image: url(&#039;https:\/\/mlinarica.hr\/izmjene\/wp-content\/uploads\/2021\/04\/Gableci-slider_5-300x200.jpg&#039;)\">\n\n\t\t\t\n\t\t\t\t\t<\/div>\n\t\t<\/a>\t\t\t\t\t\t<\/div>\n\t\t\t\t\t\t\t\t\t<\/div>\n\t\t\t\t\t\t\t\t\t\t\t\t\t\t\t<div class=\"swiper-pagination\"><\/div>\n\t\t\t\t\t\t\t\t\t\t\t\t\t\t\t\t<div class=\"elementor-swiper-button elementor-swiper-button-prev\" role=\"button\" tabindex=\"0\">\n\t\t\t\t\t\t\t<i aria-hidden=\"true\" class=\"eicon-chevron-left\"><\/i>\t\t\t\t\t\t\t<span class=\"elementor-screen-only\">Previous<\/span>\n\t\t\t\t\t\t<\/div>\n\t\t\t\t\t\t<div class=\"elementor-swiper-button elementor-swiper-button-next\" role=\"button\" tabindex=\"0\">\n\t\t\t\t\t\t\t<i aria-hidden=\"true\" class=\"eicon-chevron-right\"><\/i>\t\t\t\t\t\t\t<span class=\"elementor-screen-only\">Next<\/span>\n\t\t\t\t\t\t<\/div>\n\t\t\t\t\t\t\t\t\t\t\t\t<\/div>\n\t\t<\/div>\n\t\t\t\t<\/div>\n\t\t\t\t<\/div>\n\t\t\t\t\t<\/div>\n\t\t<\/div>\n\t\t\t\t<div class=\"elementor-column elementor-col-50 elementor-inner-column elementor-element elementor-element-d00ff88\" data-id=\"d00ff88\" data-element_type=\"column\" data-settings=\"{&quot;background_background&quot;:&quot;classic&quot;}\">\n\t\t\t<div class=\"elementor-widget-wrap elementor-element-populated\">\n\t\t\t\t\t\t<div class=\"elementor-element elementor-element-ef38392 elementor-widget elementor-widget-heading\" data-id=\"ef38392\" data-element_type=\"widget\" data-widget_type=\"heading.default\">\n\t\t\t\t<div class=\"elementor-widget-container\">\n\t\t\t<h2 class=\"elementor-heading-title elementor-size-default\">Vlastita obrada mesa i kobasica!<\/h2>\t\t<\/div>\n\t\t\t\t<\/div>\n\t\t\t\t<div class=\"elementor-element elementor-element-d0e8a22 elementor-widget elementor-widget-text-editor\" data-id=\"d0e8a22\" data-element_type=\"widget\" data-widget_type=\"text-editor.default\">\n\t\t\t\t<div class=\"elementor-widget-container\">\n\t\t\t\t\t\t\t<p>U Mlinarici iz vlastite proizvodnje doma\u0107ih kobasica nudimo:<\/p><p><strong><span style=\"color: #fda12a;\">\u2022pivske kobasice<\/span><\/strong> (punjene sirom)<\/p><p><strong><span style=\"color: #fda12a;\">\u2022debrecinke<\/span><\/strong><\/p><p><strong><span style=\"color: #fda12a;\">\u2022kobasice za grah<\/span><\/strong><\/p><p><span style=\"color: #fda12a;\"><strong>\u2022suhe kobasice i salame<\/strong><\/span><\/p><p><span style=\"color: #fda12a;\"><strong>\u2022\u010de\u0161njovke<\/strong><\/span>(u zimskom razdoblju),<\/p><p><span style=\"color: #fda12a;\"><strong>\u2022krvavice<\/strong><\/span> (u zimskom razdoblju). Recept za doma\u0107e krvavice pogledajte <a href=\"https:\/\/mlinarica.hr\/izmjene\/domace-krvavice-iz-mlinarice\/\" target=\"_blank\" rel=\"noopener\">ovdje.<\/a><\/p><p>Iza kuhinje nalazi se i pu\u0161nica u kojoj dimimo kobasice, \u0161pek, \u010de\u0161njovke, \u0161unku, bu\u0111olu i salame.<br \/>Svakoga mjeseca s pouzdanih farmi uzimamo probranu teletinu, junetinu, govedinu i svinjetinu. Meso potom obra\u0111ujemo u pivnici, te od njega radimo mljevenu smjesu za \u0107evape i pljeskavice, prera\u0111ujemo ga u kobasice ili ga pripremamo za svakodnevnu upotrebu, kao \u0161to su gableci i ostala doma\u0107a jela s ro\u0161tilja i jela po narud\u017ebi.<\/p>\t\t\t\t\t\t<\/div>\n\t\t\t\t<\/div>\n\t\t\t\t\t<\/div>\n\t\t<\/div>\n\t\t\t\t\t<\/div>\n\t\t<\/section>\n\t\t\t\t<section class=\"elementor-section elementor-inner-section elementor-element elementor-element-7835a8d elementor-section-full_width elementor-reverse-mobile elementor-section-height-default elementor-section-height-default\" data-id=\"7835a8d\" data-element_type=\"section\" data-settings=\"{&quot;background_background&quot;:&quot;classic&quot;}\">\n\t\t\t\t\t\t<div class=\"elementor-container elementor-column-gap-no\">\n\t\t\t\t\t<div class=\"elementor-column elementor-col-50 elementor-inner-column elementor-element elementor-element-98c2ee3\" data-id=\"98c2ee3\" data-element_type=\"column\" data-settings=\"{&quot;background_background&quot;:&quot;classic&quot;}\">\n\t\t\t<div class=\"elementor-widget-wrap elementor-element-populated\">\n\t\t\t\t\t\t<div class=\"elementor-element elementor-element-4b245b5 elementor-widget elementor-widget-heading\" data-id=\"4b245b5\" data-element_type=\"widget\" data-widget_type=\"heading.default\">\n\t\t\t\t<div class=\"elementor-widget-container\">\n\t\t\t<h2 class=\"elementor-heading-title elementor-size-default\">Dnevna ponuda gableca!<\/h2>\t\t<\/div>\n\t\t\t\t<\/div>\n\t\t\t\t<div class=\"elementor-element elementor-element-98d62c9 elementor-widget elementor-widget-text-editor\" data-id=\"98d62c9\" data-element_type=\"widget\" data-widget_type=\"text-editor.default\">\n\t\t\t\t<div class=\"elementor-widget-container\">\n\t\t\t\t\t\t\t<p><strong>Svakodnevno pripremamo razna kuhana jela, gablece te Vam nastojimo pru\u017eiti iskustvo doma\u0107e kuhinje, hranu kakvu bi pripremala i Va\u0161a baka, mama, punica\u2026<\/strong><\/p><p>U Mlinarici svakoga dana mo\u017eete pojesti grah s kobasicom, ali i ostala kuhana jela u &#8220;vrijeme ru\u010dka&#8221;. Na\u0161a dnevna ponuda gableca se sastoji od razli\u010ditih gula\u0161a i variva (pivni\u010dki, june\u0107i, gula\u0161 od divlja\u010di, vinski gula\u0161, ri\u010det s doma\u0107im suhim mesom, sarma, ma\u0111arski gula\u0161 itd), june\u0107e mi\u0161i\u0107e ili obraze, tele\u0107a jetrica sa \u017eara ili jetrica na venecijanski na\u010din, samoborski kotlet te Mlinari\u010din klasik, specijalitet koji se svakoga \u010detvrtka nalazi u na\u0161oj kuhinji ve\u0107 dugi niz godina, \u0161pek fileke!<\/p><p>Dnevna ponuda gableca nalazi se na na\u0161oj<strong><span style=\"color: #ff9900;\"><a style=\"color: #ff9900;\" href=\"https:\/\/www.facebook.com\/pivnica.mlinarica\/\" target=\"_blank\" rel=\"noopener\"> Facebook stranici<\/a><\/span><\/strong><\/p>\t\t\t\t\t\t<\/div>\n\t\t\t\t<\/div>\n\t\t\t\t\t<\/div>\n\t\t<\/div>\n\t\t\t\t<div class=\"elementor-column elementor-col-50 elementor-inner-column elementor-element elementor-element-36fe01c\" data-id=\"36fe01c\" data-element_type=\"column\">\n\t\t\t<div class=\"elementor-widget-wrap elementor-element-populated\">\n\t\t\t\t\t\t<div class=\"elementor-element elementor-element-cb3604c elementor-widget elementor-widget-image\" data-id=\"cb3604c\" data-element_type=\"widget\" data-settings=\"{&quot;_animation&quot;:&quot;none&quot;,&quot;_animation_mobile&quot;:&quot;none&quot;}\" data-widget_type=\"image.default\">\n\t\t\t\t<div class=\"elementor-widget-container\">\n\t\t\t\t\t\t\t\t\t\t\t\t\t<img decoding=\"async\" width=\"800\" height=\"534\" src=\"https:\/\/mlinarica.hr\/izmjene\/wp-content\/uploads\/2021\/04\/Mlinarica_gableci_1-1024x684.jpg\" class=\"attachment-large size-large wp-image-1566\" alt=\"Jedan od gula\u0161a iz na\u0161e ponude\" srcset=\"https:\/\/mlinarica.hr\/izmjene\/wp-content\/uploads\/2021\/04\/Mlinarica_gableci_1-1024x684.jpg 1024w, https:\/\/mlinarica.hr\/izmjene\/wp-content\/uploads\/2021\/04\/Mlinarica_gableci_1-300x200.jpg 300w, https:\/\/mlinarica.hr\/izmjene\/wp-content\/uploads\/2021\/04\/Mlinarica_gableci_1-768x513.jpg 768w, https:\/\/mlinarica.hr\/izmjene\/wp-content\/uploads\/2021\/04\/Mlinarica_gableci_1-1536x1026.jpg 1536w, https:\/\/mlinarica.hr\/izmjene\/wp-content\/uploads\/2021\/04\/Mlinarica_gableci_1.jpg 1920w\" sizes=\"(max-width: 800px) 100vw, 800px\" \/>\t\t\t\t\t\t\t\t\t\t\t\t\t<\/div>\n\t\t\t\t<\/div>\n\t\t\t\t<div class=\"elementor-element elementor-element-1935b2f elementor-hidden-phone elementor-skin-carousel elementor-arrows-yes elementor-pagination-type-bullets elementor-pagination-position-outside elementor-widget elementor-widget-media-carousel\" data-id=\"1935b2f\" data-element_type=\"widget\" data-settings=\"{&quot;slides_per_view&quot;:&quot;3&quot;,&quot;slides_to_scroll&quot;:&quot;1&quot;,&quot;skin&quot;:&quot;carousel&quot;,&quot;effect&quot;:&quot;slide&quot;,&quot;show_arrows&quot;:&quot;yes&quot;,&quot;pagination&quot;:&quot;bullets&quot;,&quot;speed&quot;:500,&quot;autoplay&quot;:&quot;yes&quot;,&quot;autoplay_speed&quot;:5000,&quot;loop&quot;:&quot;yes&quot;,&quot;pause_on_hover&quot;:&quot;yes&quot;,&quot;pause_on_interaction&quot;:&quot;yes&quot;,&quot;space_between&quot;:{&quot;unit&quot;:&quot;px&quot;,&quot;size&quot;:10,&quot;sizes&quot;:[]},&quot;space_between_tablet&quot;:{&quot;unit&quot;:&quot;px&quot;,&quot;size&quot;:10,&quot;sizes&quot;:[]},&quot;space_between_mobile&quot;:{&quot;unit&quot;:&quot;px&quot;,&quot;size&quot;:10,&quot;sizes&quot;:[]}}\" data-widget_type=\"media-carousel.default\">\n\t\t\t\t<div class=\"elementor-widget-container\">\n\t\t\t\t\t<div class=\"elementor-swiper\">\n\t\t\t<div class=\"elementor-main-swiper swiper\">\n\t\t\t\t<div class=\"swiper-wrapper\">\n\t\t\t\t\t\t\t\t\t\t\t<div class=\"swiper-slide\">\n\t\t\t\t\t\t\t<a href=\"https:\/\/mlinarica.hr\/izmjene\/wp-content\/uploads\/2021\/04\/Gableci-slider_1.jpg\" data-elementor-open-lightbox=\"yes\" data-elementor-lightbox-slideshow=\"1935b2f\" data-elementor-lightbox-title=\"June\u0107a \u0161nicla u tamnom umaku\" data-elementor-lightbox-description=\"Gablac- june\u010da \u0161nicla u umaku\" data-e-action-hash=\"#elementor-action%3Aaction%3Dlightbox%26settings%3DeyJpZCI6MTU2NywidXJsIjoiaHR0cHM6XC9cL21saW5hcmljYS5oclwvaXptamVuZVwvd3AtY29udGVudFwvdXBsb2Fkc1wvMjAyMVwvMDRcL0dhYmxlY2ktc2xpZGVyXzEuanBnIiwic2xpZGVzaG93IjoiMTkzNWIyZiJ9\">\t\t<div class=\"elementor-carousel-image\" role=\"img\" aria-label=\"\u0160nicla u umaku\" style=\"background-image: url(&#039;https:\/\/mlinarica.hr\/izmjene\/wp-content\/uploads\/2021\/04\/Gableci-slider_1-300x200.jpg&#039;)\">\n\n\t\t\t\n\t\t\t\t\t<\/div>\n\t\t<\/a>\t\t\t\t\t\t<\/div>\n\t\t\t\t\t\t\t\t\t\t\t<div class=\"swiper-slide\">\n\t\t\t\t\t\t\t<a href=\"https:\/\/mlinarica.hr\/izmjene\/wp-content\/uploads\/2021\/04\/Gableci-slider_2.jpg\" data-elementor-open-lightbox=\"yes\" data-elementor-lightbox-slideshow=\"1935b2f\" data-elementor-lightbox-title=\"Pile\u0107i paprika\u0161\" data-elementor-lightbox-description=\"Paprika\u0161 od piletine sa tjesteninom\" data-e-action-hash=\"#elementor-action%3Aaction%3Dlightbox%26settings%3DeyJpZCI6MTU2OCwidXJsIjoiaHR0cHM6XC9cL21saW5hcmljYS5oclwvaXptamVuZVwvd3AtY29udGVudFwvdXBsb2Fkc1wvMjAyMVwvMDRcL0dhYmxlY2ktc2xpZGVyXzIuanBnIiwic2xpZGVzaG93IjoiMTkzNWIyZiJ9\">\t\t<div class=\"elementor-carousel-image\" role=\"img\" aria-label=\"Pile\u0107i perkelt\" style=\"background-image: url(&#039;https:\/\/mlinarica.hr\/izmjene\/wp-content\/uploads\/2021\/04\/Gableci-slider_2-300x200.jpg&#039;)\">\n\n\t\t\t\n\t\t\t\t\t<\/div>\n\t\t<\/a>\t\t\t\t\t\t<\/div>\n\t\t\t\t\t\t\t\t\t\t\t<div class=\"swiper-slide\">\n\t\t\t\t\t\t\t<a href=\"https:\/\/mlinarica.hr\/izmjene\/wp-content\/uploads\/2021\/04\/Gableci-slider_3.jpg\" data-elementor-open-lightbox=\"yes\" data-elementor-lightbox-slideshow=\"1935b2f\" data-elementor-lightbox-title=\"June\u0107a \u0161nicla\" data-elementor-lightbox-description=\"June\u0107a \u0161nicla u raznim umacima\" data-e-action-hash=\"#elementor-action%3Aaction%3Dlightbox%26settings%3DeyJpZCI6MTU2OSwidXJsIjoiaHR0cHM6XC9cL21saW5hcmljYS5oclwvaXptamVuZVwvd3AtY29udGVudFwvdXBsb2Fkc1wvMjAyMVwvMDRcL0dhYmxlY2ktc2xpZGVyXzMuanBnIiwic2xpZGVzaG93IjoiMTkzNWIyZiJ9\">\t\t<div class=\"elementor-carousel-image\" role=\"img\" aria-label=\"June\u0107a \u0161nicla\" style=\"background-image: url(&#039;https:\/\/mlinarica.hr\/izmjene\/wp-content\/uploads\/2021\/04\/Gableci-slider_3-300x200.jpg&#039;)\">\n\n\t\t\t\n\t\t\t\t\t<\/div>\n\t\t<\/a>\t\t\t\t\t\t<\/div>\n\t\t\t\t\t\t\t\t\t\t\t<div class=\"swiper-slide\">\n\t\t\t\t\t\t\t<a href=\"https:\/\/mlinarica.hr\/izmjene\/wp-content\/uploads\/2021\/04\/Gableci-slider_4.jpg\" data-elementor-open-lightbox=\"yes\" data-elementor-lightbox-slideshow=\"1935b2f\" data-elementor-lightbox-title=\"Mlinarica-kruh\" data-elementor-lightbox-description=\"Doma\u0107i kruh po tradicionalnom receptu\" data-e-action-hash=\"#elementor-action%3Aaction%3Dlightbox%26settings%3DeyJpZCI6MTU3MCwidXJsIjoiaHR0cHM6XC9cL21saW5hcmljYS5oclwvaXptamVuZVwvd3AtY29udGVudFwvdXBsb2Fkc1wvMjAyMVwvMDRcL0dhYmxlY2ktc2xpZGVyXzQuanBnIiwic2xpZGVzaG93IjoiMTkzNWIyZiJ9\">\t\t<div class=\"elementor-carousel-image\" role=\"img\" aria-label=\"Doma\u0107i kruh\" style=\"background-image: url(&#039;https:\/\/mlinarica.hr\/izmjene\/wp-content\/uploads\/2021\/04\/Gableci-slider_4-300x200.jpg&#039;)\">\n\n\t\t\t\n\t\t\t\t\t<\/div>\n\t\t<\/a>\t\t\t\t\t\t<\/div>\n\t\t\t\t\t\t\t\t\t\t\t<div class=\"swiper-slide\">\n\t\t\t\t\t\t\t<a href=\"https:\/\/mlinarica.hr\/izmjene\/wp-content\/uploads\/2021\/04\/Gableci-slider_5.jpg\" data-elementor-open-lightbox=\"yes\" data-elementor-lightbox-slideshow=\"1935b2f\" data-elementor-lightbox-title=\"Bogato varivo\" data-elementor-lightbox-description=\"Varivo od slanutka, le\u0107e, graha, ri\u010deta sa korjenastim povr\u0107em i suhim mesom\" data-e-action-hash=\"#elementor-action%3Aaction%3Dlightbox%26settings%3DeyJpZCI6MTU3MSwidXJsIjoiaHR0cHM6XC9cL21saW5hcmljYS5oclwvaXptamVuZVwvd3AtY29udGVudFwvdXBsb2Fkc1wvMjAyMVwvMDRcL0dhYmxlY2ktc2xpZGVyXzUuanBnIiwic2xpZGVzaG93IjoiMTkzNWIyZiJ9\">\t\t<div class=\"elementor-carousel-image\" role=\"img\" aria-label=\"Doma\u0107e varivo sa vi\u0161e vrsta grahorica\" style=\"background-image: url(&#039;https:\/\/mlinarica.hr\/izmjene\/wp-content\/uploads\/2021\/04\/Gableci-slider_5-300x200.jpg&#039;)\">\n\n\t\t\t\n\t\t\t\t\t<\/div>\n\t\t<\/a>\t\t\t\t\t\t<\/div>\n\t\t\t\t\t\t\t\t\t<\/div>\n\t\t\t\t\t\t\t\t\t\t\t\t\t\t\t<div class=\"swiper-pagination\"><\/div>\n\t\t\t\t\t\t\t\t\t\t\t\t\t\t\t\t<div class=\"elementor-swiper-button elementor-swiper-button-prev\" role=\"button\" tabindex=\"0\">\n\t\t\t\t\t\t\t<i aria-hidden=\"true\" class=\"eicon-chevron-left\"><\/i>\t\t\t\t\t\t\t<span class=\"elementor-screen-only\">Previous<\/span>\n\t\t\t\t\t\t<\/div>\n\t\t\t\t\t\t<div class=\"elementor-swiper-button elementor-swiper-button-next\" role=\"button\" tabindex=\"0\">\n\t\t\t\t\t\t\t<i aria-hidden=\"true\" class=\"eicon-chevron-right\"><\/i>\t\t\t\t\t\t\t<span class=\"elementor-screen-only\">Next<\/span>\n\t\t\t\t\t\t<\/div>\n\t\t\t\t\t\t\t\t\t\t\t\t<\/div>\n\t\t<\/div>\n\t\t\t\t<\/div>\n\t\t\t\t<\/div>\n\t\t\t\t\t<\/div>\n\t\t<\/div>\n\t\t\t\t\t<\/div>\n\t\t<\/section>\n\t\t\t\t<section class=\"elementor-section elementor-inner-section elementor-element elementor-element-79a9113 elementor-section-full_width elementor-section-height-default elementor-section-height-default\" data-id=\"79a9113\" data-element_type=\"section\">\n\t\t\t\t\t\t<div class=\"elementor-container elementor-column-gap-no\">\n\t\t\t\t\t<div class=\"elementor-column elementor-col-50 elementor-inner-column elementor-element elementor-element-61621e6\" data-id=\"61621e6\" data-element_type=\"column\">\n\t\t\t<div class=\"elementor-widget-wrap elementor-element-populated\">\n\t\t\t\t\t\t<div class=\"elementor-element elementor-element-b96e894 elementor-widget elementor-widget-image\" data-id=\"b96e894\" data-element_type=\"widget\" data-settings=\"{&quot;_animation&quot;:&quot;none&quot;,&quot;_animation_mobile&quot;:&quot;none&quot;}\" data-widget_type=\"image.default\">\n\t\t\t\t<div class=\"elementor-widget-container\">\n\t\t\t\t\t\t\t\t\t\t\t\t\t<img decoding=\"async\" width=\"800\" height=\"534\" src=\"https:\/\/mlinarica.hr\/izmjene\/wp-content\/uploads\/2021\/01\/Mlinarica-biftek-1024x684.jpg\" class=\"attachment-large size-large wp-image-1069\" alt=\"Beefsteak sa \u017eara\" srcset=\"https:\/\/mlinarica.hr\/izmjene\/wp-content\/uploads\/2021\/01\/Mlinarica-biftek-1024x684.jpg 1024w, https:\/\/mlinarica.hr\/izmjene\/wp-content\/uploads\/2021\/01\/Mlinarica-biftek-300x200.jpg 300w, https:\/\/mlinarica.hr\/izmjene\/wp-content\/uploads\/2021\/01\/Mlinarica-biftek-768x513.jpg 768w, https:\/\/mlinarica.hr\/izmjene\/wp-content\/uploads\/2021\/01\/Mlinarica-biftek-1536x1026.jpg 1536w, https:\/\/mlinarica.hr\/izmjene\/wp-content\/uploads\/2021\/01\/Mlinarica-biftek.jpg 1920w\" sizes=\"(max-width: 800px) 100vw, 800px\" \/>\t\t\t\t\t\t\t\t\t\t\t\t\t<\/div>\n\t\t\t\t<\/div>\n\t\t\t\t<div class=\"elementor-element elementor-element-2ec7ffd elementor-hidden-phone elementor-skin-carousel elementor-arrows-yes elementor-pagination-type-bullets elementor-pagination-position-outside elementor-widget elementor-widget-media-carousel\" data-id=\"2ec7ffd\" data-element_type=\"widget\" data-settings=\"{&quot;slides_per_view&quot;:&quot;3&quot;,&quot;slides_to_scroll&quot;:&quot;1&quot;,&quot;skin&quot;:&quot;carousel&quot;,&quot;effect&quot;:&quot;slide&quot;,&quot;show_arrows&quot;:&quot;yes&quot;,&quot;pagination&quot;:&quot;bullets&quot;,&quot;speed&quot;:500,&quot;autoplay&quot;:&quot;yes&quot;,&quot;autoplay_speed&quot;:5000,&quot;loop&quot;:&quot;yes&quot;,&quot;pause_on_hover&quot;:&quot;yes&quot;,&quot;pause_on_interaction&quot;:&quot;yes&quot;,&quot;space_between&quot;:{&quot;unit&quot;:&quot;px&quot;,&quot;size&quot;:10,&quot;sizes&quot;:[]},&quot;space_between_tablet&quot;:{&quot;unit&quot;:&quot;px&quot;,&quot;size&quot;:10,&quot;sizes&quot;:[]},&quot;space_between_mobile&quot;:{&quot;unit&quot;:&quot;px&quot;,&quot;size&quot;:10,&quot;sizes&quot;:[]}}\" data-widget_type=\"media-carousel.default\">\n\t\t\t\t<div class=\"elementor-widget-container\">\n\t\t\t\t\t<div class=\"elementor-swiper\">\n\t\t\t<div class=\"elementor-main-swiper swiper\">\n\t\t\t\t<div class=\"swiper-wrapper\">\n\t\t\t\t\t\t\t\t\t\t\t<div class=\"swiper-slide\">\n\t\t\t\t\t\t\t<a href=\"https:\/\/mlinarica.hr\/izmjene\/wp-content\/uploads\/2021\/04\/Mlinarica-BBQ-rebrica.jpg\" data-elementor-open-lightbox=\"yes\" data-elementor-lightbox-slideshow=\"2ec7ffd\" data-elementor-lightbox-title=\"Mlinarica-BBQ rebrica\" data-elementor-lightbox-description=\"Sporo pe\u010dena marinirana svinjska rebrica sa doma\u0107im barbacue premazom i \u010dipsom\" data-e-action-hash=\"#elementor-action%3Aaction%3Dlightbox%26settings%3DeyJpZCI6MTc1NiwidXJsIjoiaHR0cHM6XC9cL21saW5hcmljYS5oclwvaXptamVuZVwvd3AtY29udGVudFwvdXBsb2Fkc1wvMjAyMVwvMDRcL01saW5hcmljYS1CQlEtcmVicmljYS5qcGciLCJzbGlkZXNob3ciOiIyZWM3ZmZkIn0%3D\">\t\t<div class=\"elementor-carousel-image\" role=\"img\" aria-label=\"BBQ rebrica mlinarica\" style=\"background-image: url(&#039;https:\/\/mlinarica.hr\/izmjene\/wp-content\/uploads\/2021\/04\/Mlinarica-BBQ-rebrica-300x200.jpg&#039;)\">\n\n\t\t\t\n\t\t\t\t\t<\/div>\n\t\t<\/a>\t\t\t\t\t\t<\/div>\n\t\t\t\t\t\t\t\t\t\t\t<div class=\"swiper-slide\">\n\t\t\t\t\t\t\t<a href=\"https:\/\/mlinarica.hr\/izmjene\/wp-content\/uploads\/2021\/04\/Mlinarica-burger.jpg\" data-elementor-open-lightbox=\"yes\" data-elementor-lightbox-slideshow=\"2ec7ffd\" data-elementor-lightbox-title=\"Pivnica-mlinarica-burger\" data-elementor-lightbox-description=\"180 grama 100% june\u0107e smjese, brioche pecivo, cheddar sir, zelena salata, pekmez od luka, doma\u0107i \u0161pek, krastavci i umak mlinarica\" data-e-action-hash=\"#elementor-action%3Aaction%3Dlightbox%26settings%3DeyJpZCI6MTc1NywidXJsIjoiaHR0cHM6XC9cL21saW5hcmljYS5oclwvaXptamVuZVwvd3AtY29udGVudFwvdXBsb2Fkc1wvMjAyMVwvMDRcL01saW5hcmljYS1idXJnZXIuanBnIiwic2xpZGVzaG93IjoiMmVjN2ZmZCJ9\">\t\t<div class=\"elementor-carousel-image\" role=\"img\" aria-label=\"Burger mlinarica\" style=\"background-image: url(&#039;https:\/\/mlinarica.hr\/izmjene\/wp-content\/uploads\/2021\/04\/Mlinarica-burger-300x200.jpg&#039;)\">\n\n\t\t\t\n\t\t\t\t\t<\/div>\n\t\t<\/a>\t\t\t\t\t\t<\/div>\n\t\t\t\t\t\t\t\t\t\t\t<div class=\"swiper-slide\">\n\t\t\t\t\t\t\t<a href=\"https:\/\/mlinarica.hr\/izmjene\/wp-content\/uploads\/2021\/01\/Mlinarica-cevapi-u-somunu.jpg\" data-elementor-open-lightbox=\"yes\" data-elementor-lightbox-slideshow=\"2ec7ffd\" data-elementor-lightbox-title=\"Mlinarica-\u010devapi-u-somunu\" data-e-action-hash=\"#elementor-action%3Aaction%3Dlightbox%26settings%3DeyJpZCI6MTA2OCwidXJsIjoiaHR0cHM6XC9cL21saW5hcmljYS5oclwvaXptamVuZVwvd3AtY29udGVudFwvdXBsb2Fkc1wvMjAyMVwvMDFcL01saW5hcmljYS1jZXZhcGktdS1zb211bnUuanBnIiwic2xpZGVzaG93IjoiMmVjN2ZmZCJ9\">\t\t<div class=\"elementor-carousel-image\" role=\"img\" aria-label=\"Mlinarica-\u010devapi-u-somunu\" style=\"background-image: url(&#039;https:\/\/mlinarica.hr\/izmjene\/wp-content\/uploads\/2021\/01\/Mlinarica-cevapi-u-somunu-300x200.jpg&#039;)\">\n\n\t\t\t\n\t\t\t\t\t<\/div>\n\t\t<\/a>\t\t\t\t\t\t<\/div>\n\t\t\t\t\t\t\t\t\t<\/div>\n\t\t\t\t\t\t\t\t\t\t\t\t\t\t\t<div class=\"swiper-pagination\"><\/div>\n\t\t\t\t\t\t\t\t\t\t\t\t\t\t\t\t<div class=\"elementor-swiper-button elementor-swiper-button-prev\" role=\"button\" tabindex=\"0\">\n\t\t\t\t\t\t\t<i aria-hidden=\"true\" class=\"eicon-chevron-left\"><\/i>\t\t\t\t\t\t\t<span class=\"elementor-screen-only\">Previous<\/span>\n\t\t\t\t\t\t<\/div>\n\t\t\t\t\t\t<div class=\"elementor-swiper-button elementor-swiper-button-next\" role=\"button\" tabindex=\"0\">\n\t\t\t\t\t\t\t<i aria-hidden=\"true\" class=\"eicon-chevron-right\"><\/i>\t\t\t\t\t\t\t<span class=\"elementor-screen-only\">Next<\/span>\n\t\t\t\t\t\t<\/div>\n\t\t\t\t\t\t\t\t\t\t\t\t<\/div>\n\t\t<\/div>\n\t\t\t\t<\/div>\n\t\t\t\t<\/div>\n\t\t\t\t\t<\/div>\n\t\t<\/div>\n\t\t\t\t<div class=\"elementor-column elementor-col-50 elementor-inner-column elementor-element elementor-element-b639196\" data-id=\"b639196\" data-element_type=\"column\" data-settings=\"{&quot;background_background&quot;:&quot;classic&quot;}\">\n\t\t\t<div class=\"elementor-widget-wrap elementor-element-populated\">\n\t\t\t\t\t\t<div class=\"elementor-element elementor-element-f57561f elementor-widget elementor-widget-heading\" data-id=\"f57561f\" data-element_type=\"widget\" data-widget_type=\"heading.default\">\n\t\t\t\t<div class=\"elementor-widget-container\">\n\t\t\t<h2 class=\"elementor-heading-title elementor-size-default\">Jela s ro\u0161tilja na drveni ugljen!<\/h2>\t\t<\/div>\n\t\t\t\t<\/div>\n\t\t\t\t<div class=\"elementor-element elementor-element-3a5ddaf elementor-widget elementor-widget-text-editor\" data-id=\"3a5ddaf\" data-element_type=\"widget\" data-widget_type=\"text-editor.default\">\n\t\t\t\t<div class=\"elementor-widget-container\">\n\t\t\t\t\t\t\t<p><strong>Kvaliteta na\u0161eg ro\u0161tilja dobro je poznata, stoga nas posje\u0107uju gosti iz cijele Hrvatske.<\/strong><br \/>Meso za jela s ro\u0161tilja sami obra\u0111ujemo, i na to smo posebno ponosni. Dolazak do pravog recepta za smjesu bio je dugotrajan postupak, ali radi dobivenih rezultata trud se isplatio.<\/p><p>Izdvajamo sljede\u0107a jela s ro\u0161tilja:<\/p><p><strong><span style=\"color: #fda12a;\">\u2022Pljeskavica Mlinarica<\/span><\/strong><\/p><p><strong><span style=\"color: #fda12a;\">\u2022Ra\u017enji\u0107i Mlinarica<\/span><\/strong><\/p><p><span style=\"color: #fda12a;\"><strong>\u2022BBQ rebrica<\/strong><\/span><\/p><p><span style=\"color: #fda12a;\"><strong>\u2022Sablja Mlinarica<\/strong><\/span><\/p><p>Za ostatak jela pogledajte na\u0161 <strong><a href=\"https:\/\/mlinarica.hr\/izmjene\/jelovnik\/\"><span style=\"color: #fda12a;\">jelovnik<\/span><\/a>.<\/strong><\/p>\t\t\t\t\t\t<\/div>\n\t\t\t\t<\/div>\n\t\t\t\t\t<\/div>\n\t\t<\/div>\n\t\t\t\t\t<\/div>\n\t\t<\/section>\n\t\t\t\t\t<\/div>\n\t\t<\/div>\n\t\t\t\t\t<\/div>\n\t\t<\/section>\n\t\t\t\t<section class=\"elementor-section elementor-top-section elementor-element elementor-element-ab6619a elementor-section-height-min-height elementor-section-boxed elementor-section-height-default elementor-section-items-middle\" data-id=\"ab6619a\" data-element_type=\"section\" data-settings=\"{&quot;background_background&quot;:&quot;classic&quot;}\">\n\t\t\t\t\t\t\t<div class=\"elementor-background-overlay\"><\/div>\n\t\t\t\t\t\t\t<div class=\"elementor-container elementor-column-gap-default\">\n\t\t\t\t\t<div class=\"elementor-column elementor-col-100 elementor-top-column elementor-element elementor-element-d98b8b4\" data-id=\"d98b8b4\" data-element_type=\"column\">\n\t\t\t<div class=\"elementor-widget-wrap elementor-element-populated\">\n\t\t\t\t\t\t<div class=\"elementor-element elementor-element-74392e0 elementor-blockquote--skin-quotation elementor-blockquote--align-center elementor-blockquote--button-color-official elementor-widget elementor-widget-blockquote\" data-id=\"74392e0\" data-element_type=\"widget\" data-widget_type=\"blockquote.default\">\n\t\t\t\t<div class=\"elementor-widget-container\">\n\t\t\t\t\t<blockquote class=\"elementor-blockquote\">\n\t\t\t<p class=\"elementor-blockquote__content\">\n\t\t\t\tFood is everything we are. It's an extension of nationalist feeling, ethnic feeling, your personal history, your province, your region, your tribe, your grandma. \n\t\t\t<\/p>\n\t\t\t\t\t\t\t<div class=\"e-q-footer\">\n\t\t\t\t\t\t\t\t\t\t\t<cite class=\"elementor-blockquote__author\">Anthony Bourdain<\/cite>\n\t\t\t\t\t\t\t\t\t\t\t\t\t\t<\/div>\n\t\t\t\t\t<\/blockquote>\n\t\t\t\t<\/div>\n\t\t\t\t<\/div>\n\t\t\t\t\t<\/div>\n\t\t<\/div>\n\t\t\t\t\t<\/div>\n\t\t<\/section>\n\t\t\t\t<section class=\"elementor-section elementor-top-section elementor-element elementor-element-5d87f81 elementor-section-full_width elementor-section-height-default elementor-section-height-default\" data-id=\"5d87f81\" data-element_type=\"section\" data-settings=\"{&quot;background_background&quot;:&quot;classic&quot;}\">\n\t\t\t\t\t\t\t<div class=\"elementor-background-overlay\"><\/div>\n\t\t\t\t\t\t\t<div class=\"elementor-container elementor-column-gap-no\">\n\t\t\t\t\t<div class=\"elementor-column elementor-col-100 elementor-top-column elementor-element elementor-element-48a2b26\" data-id=\"48a2b26\" data-element_type=\"column\">\n\t\t\t<div class=\"elementor-widget-wrap elementor-element-populated\">\n\t\t\t\t\t\t<section class=\"elementor-section elementor-inner-section elementor-element elementor-element-2be7607 elementor-section-full_width elementor-section-height-default elementor-section-height-default\" data-id=\"2be7607\" data-element_type=\"section\">\n\t\t\t\t\t\t<div class=\"elementor-container elementor-column-gap-no\">\n\t\t\t\t\t<div class=\"elementor-column elementor-col-50 elementor-inner-column elementor-element elementor-element-7c71494\" data-id=\"7c71494\" data-element_type=\"column\">\n\t\t\t<div class=\"elementor-widget-wrap elementor-element-populated\">\n\t\t\t\t\t\t<div class=\"elementor-element elementor-element-d371d1c elementor-widget elementor-widget-image\" data-id=\"d371d1c\" data-element_type=\"widget\" data-settings=\"{&quot;_animation&quot;:&quot;none&quot;,&quot;_animation_mobile&quot;:&quot;none&quot;}\" data-widget_type=\"image.default\">\n\t\t\t\t<div class=\"elementor-widget-container\">\n\t\t\t\t\t\t\t\t\t\t\t\t\t<img loading=\"lazy\" decoding=\"async\" width=\"800\" height=\"534\" src=\"https:\/\/mlinarica.hr\/izmjene\/wp-content\/uploads\/2021\/01\/Mlinarica-domace-kremsnite-1024x684.jpg\" class=\"attachment-large size-large wp-image-1066\" alt=\"Doma\u0107e krem\u0161nite\" srcset=\"https:\/\/mlinarica.hr\/izmjene\/wp-content\/uploads\/2021\/01\/Mlinarica-domace-kremsnite-1024x684.jpg 1024w, https:\/\/mlinarica.hr\/izmjene\/wp-content\/uploads\/2021\/01\/Mlinarica-domace-kremsnite-300x200.jpg 300w, https:\/\/mlinarica.hr\/izmjene\/wp-content\/uploads\/2021\/01\/Mlinarica-domace-kremsnite-768x513.jpg 768w, https:\/\/mlinarica.hr\/izmjene\/wp-content\/uploads\/2021\/01\/Mlinarica-domace-kremsnite-1536x1026.jpg 1536w, https:\/\/mlinarica.hr\/izmjene\/wp-content\/uploads\/2021\/01\/Mlinarica-domace-kremsnite.jpg 1920w\" sizes=\"(max-width: 800px) 100vw, 800px\" \/>\t\t\t\t\t\t\t\t\t\t\t\t\t<\/div>\n\t\t\t\t<\/div>\n\t\t\t\t<div class=\"elementor-element elementor-element-5adadbd elementor-hidden-phone elementor-skin-carousel elementor-arrows-yes elementor-pagination-type-bullets elementor-pagination-position-outside elementor-widget elementor-widget-media-carousel\" data-id=\"5adadbd\" data-element_type=\"widget\" data-settings=\"{&quot;slides_per_view&quot;:&quot;3&quot;,&quot;slides_to_scroll&quot;:&quot;1&quot;,&quot;skin&quot;:&quot;carousel&quot;,&quot;effect&quot;:&quot;slide&quot;,&quot;show_arrows&quot;:&quot;yes&quot;,&quot;pagination&quot;:&quot;bullets&quot;,&quot;speed&quot;:500,&quot;autoplay&quot;:&quot;yes&quot;,&quot;autoplay_speed&quot;:5000,&quot;loop&quot;:&quot;yes&quot;,&quot;pause_on_hover&quot;:&quot;yes&quot;,&quot;pause_on_interaction&quot;:&quot;yes&quot;,&quot;space_between&quot;:{&quot;unit&quot;:&quot;px&quot;,&quot;size&quot;:10,&quot;sizes&quot;:[]},&quot;space_between_tablet&quot;:{&quot;unit&quot;:&quot;px&quot;,&quot;size&quot;:10,&quot;sizes&quot;:[]},&quot;space_between_mobile&quot;:{&quot;unit&quot;:&quot;px&quot;,&quot;size&quot;:10,&quot;sizes&quot;:[]}}\" data-widget_type=\"media-carousel.default\">\n\t\t\t\t<div class=\"elementor-widget-container\">\n\t\t\t\t\t<div class=\"elementor-swiper\">\n\t\t\t<div class=\"elementor-main-swiper swiper\">\n\t\t\t\t<div class=\"swiper-wrapper\">\n\t\t\t\t\t\t\t\t\t\t\t<div class=\"swiper-slide\">\n\t\t\t\t\t\t\t<a href=\"https:\/\/mlinarica.hr\/izmjene\/wp-content\/uploads\/2021\/04\/Mlinarica-strukle.jpg\" data-elementor-open-lightbox=\"yes\" data-elementor-lightbox-slideshow=\"5adadbd\" data-elementor-lightbox-title=\"Mlinarica-\u0161trukle\" data-e-action-hash=\"#elementor-action%3Aaction%3Dlightbox%26settings%3DeyJpZCI6MTc2NywidXJsIjoiaHR0cHM6XC9cL21saW5hcmljYS5oclwvaXptamVuZVwvd3AtY29udGVudFwvdXBsb2Fkc1wvMjAyMVwvMDRcL01saW5hcmljYS1zdHJ1a2xlLmpwZyIsInNsaWRlc2hvdyI6IjVhZGFkYmQifQ%3D%3D\">\t\t<div class=\"elementor-carousel-image\" role=\"img\" aria-label=\"Mlinarica-\u0161trukle\" style=\"background-image: url(&#039;https:\/\/mlinarica.hr\/izmjene\/wp-content\/uploads\/2021\/04\/Mlinarica-strukle-300x200.jpg&#039;)\">\n\n\t\t\t\n\t\t\t\t\t<\/div>\n\t\t<\/a>\t\t\t\t\t\t<\/div>\n\t\t\t\t\t\t\t\t\t\t\t<div class=\"swiper-slide\">\n\t\t\t\t\t\t\t<a href=\"https:\/\/mlinarica.hr\/izmjene\/wp-content\/uploads\/2021\/01\/Mlinarica-strudla.jpg\" data-elementor-open-lightbox=\"yes\" data-elementor-lightbox-slideshow=\"5adadbd\" data-elementor-lightbox-title=\"Mlinarica-strudla\" data-e-action-hash=\"#elementor-action%3Aaction%3Dlightbox%26settings%3DeyJpZCI6NzA1LCJ1cmwiOiJodHRwczpcL1wvbWxpbmFyaWNhLmhyXC9pem1qZW5lXC93cC1jb250ZW50XC91cGxvYWRzXC8yMDIxXC8wMVwvTWxpbmFyaWNhLXN0cnVkbGEuanBnIiwic2xpZGVzaG93IjoiNWFkYWRiZCJ9\">\t\t<div class=\"elementor-carousel-image\" role=\"img\" aria-label=\"Mlinarica-strudla\" style=\"background-image: url(&#039;https:\/\/mlinarica.hr\/izmjene\/wp-content\/uploads\/2021\/01\/Mlinarica-strudla-300x200.jpg&#039;)\">\n\n\t\t\t\n\t\t\t\t\t<\/div>\n\t\t<\/a>\t\t\t\t\t\t<\/div>\n\t\t\t\t\t\t\t\t\t\t\t<div class=\"swiper-slide\">\n\t\t\t\t\t\t\t\t\t<div class=\"elementor-carousel-image\" role=\"img\" aria-label=\"Mlinarica-kremsnite\" style=\"background-image: url(&#039;https:\/\/mlinarica.hr\/izmjene\/wp-content\/uploads\/2021\/01\/Mlinarica-kremsnite-300x200.jpg&#039;)\">\n\n\t\t\t\n\t\t\t\t\t<\/div>\n\t\t\t\t\t\t\t\t<\/div>\n\t\t\t\t\t\t\t\t\t\t\t<div class=\"swiper-slide\">\n\t\t\t\t\t\t\t<a href=\"https:\/\/mlinarica.hr\/izmjene\/wp-content\/uploads\/2021\/04\/Mlinarica-strudla-od-jabuka.jpg\" data-elementor-open-lightbox=\"yes\" data-elementor-lightbox-slideshow=\"5adadbd\" data-elementor-lightbox-title=\"Mlinarica-\u0161trudla od jabuka\" data-elementor-lightbox-description=\"Doma\u0107a \u0161trudla od jabuka\" data-e-action-hash=\"#elementor-action%3Aaction%3Dlightbox%26settings%3DeyJpZCI6MTc2OCwidXJsIjoiaHR0cHM6XC9cL21saW5hcmljYS5oclwvaXptamVuZVwvd3AtY29udGVudFwvdXBsb2Fkc1wvMjAyMVwvMDRcL01saW5hcmljYS1zdHJ1ZGxhLW9kLWphYnVrYS5qcGciLCJzbGlkZXNob3ciOiI1YWRhZGJkIn0%3D\">\t\t<div class=\"elementor-carousel-image\" role=\"img\" aria-label=\"\u0160trudla od jabuka\" style=\"background-image: url(&#039;https:\/\/mlinarica.hr\/izmjene\/wp-content\/uploads\/2021\/04\/Mlinarica-strudla-od-jabuka-300x200.jpg&#039;)\">\n\n\t\t\t\n\t\t\t\t\t<\/div>\n\t\t<\/a>\t\t\t\t\t\t<\/div>\n\t\t\t\t\t\t\t\t\t<\/div>\n\t\t\t\t\t\t\t\t\t\t\t\t\t\t\t<div class=\"swiper-pagination\"><\/div>\n\t\t\t\t\t\t\t\t\t\t\t\t\t\t\t\t<div class=\"elementor-swiper-button elementor-swiper-button-prev\" role=\"button\" tabindex=\"0\">\n\t\t\t\t\t\t\t<i aria-hidden=\"true\" class=\"eicon-chevron-left\"><\/i>\t\t\t\t\t\t\t<span class=\"elementor-screen-only\">Previous<\/span>\n\t\t\t\t\t\t<\/div>\n\t\t\t\t\t\t<div class=\"elementor-swiper-button elementor-swiper-button-next\" role=\"button\" tabindex=\"0\">\n\t\t\t\t\t\t\t<i aria-hidden=\"true\" class=\"eicon-chevron-right\"><\/i>\t\t\t\t\t\t\t<span class=\"elementor-screen-only\">Next<\/span>\n\t\t\t\t\t\t<\/div>\n\t\t\t\t\t\t\t\t\t\t\t\t<\/div>\n\t\t<\/div>\n\t\t\t\t<\/div>\n\t\t\t\t<\/div>\n\t\t\t\t\t<\/div>\n\t\t<\/div>\n\t\t\t\t<div class=\"elementor-column elementor-col-50 elementor-inner-column elementor-element elementor-element-c416bb4\" data-id=\"c416bb4\" data-element_type=\"column\" data-settings=\"{&quot;background_background&quot;:&quot;classic&quot;}\">\n\t\t\t<div class=\"elementor-widget-wrap elementor-element-populated\">\n\t\t\t\t\t\t<div class=\"elementor-element elementor-element-5309204 elementor-widget elementor-widget-heading\" data-id=\"5309204\" data-element_type=\"widget\" data-widget_type=\"heading.default\">\n\t\t\t\t<div class=\"elementor-widget-container\">\n\t\t\t<h2 class=\"elementor-heading-title elementor-size-default\">Doma\u0107i kola\u010di i torte!<\/h2>\t\t<\/div>\n\t\t\t\t<\/div>\n\t\t\t\t<div class=\"elementor-element elementor-element-b72fe84 elementor-widget elementor-widget-text-editor\" data-id=\"b72fe84\" data-element_type=\"widget\" data-widget_type=\"text-editor.default\">\n\t\t\t\t<div class=\"elementor-widget-container\">\n\t\t\t\t\t\t\t<p><strong>Kod nas se mo\u017eete zasladiti velikim izborom doma\u0107ih kola\u010da iz na\u0161e proizvodnje.<\/strong><\/p><p>Od kola\u010da pripremamo:<\/p><p><strong><span style=\"color: #fda12a;\">\u2022doma\u0107e krem\u0161nite<\/span><\/strong><\/p><p><span style=\"color: #fda12a;\"><strong>\u2022baklave<\/strong><\/span><\/p><p><span style=\"color: #fda12a;\"><strong>\u2022\u0161trudle od jabuke, vi\u0161nje i \u0161ljive<\/strong><\/span><\/p><p><span style=\"color: #fda12a;\"><strong>\u2022doma\u0107e knedle sa \u0161ljivama<\/strong><\/span><\/p><p><span style=\"color: #fda12a;\"><strong>\u2022urma\u0161ice<\/strong><\/span><\/p><p><span style=\"color: #fda12a;\"><strong>\u2022pala\u010dinke<\/strong><\/span><\/p><p><strong><span style=\"color: #fda12a;\">\u2022razli\u010dite vrste torti<\/span><\/strong> <br \/>(ovisno o sezonskom vo\u0107u).<\/p><p>Kao poseban specijalitet pripremamo i doma\u0107e zagorske \u0161trukle sa sirom i prezlima.<\/p>\t\t\t\t\t\t<\/div>\n\t\t\t\t<\/div>\n\t\t\t\t\t<\/div>\n\t\t<\/div>\n\t\t\t\t\t<\/div>\n\t\t<\/section>\n\t\t\t\t<section class=\"elementor-section elementor-inner-section elementor-element elementor-element-8ef932d elementor-section-full_width elementor-reverse-mobile elementor-section-height-default elementor-section-height-default\" data-id=\"8ef932d\" data-element_type=\"section\">\n\t\t\t\t\t\t<div class=\"elementor-container elementor-column-gap-no\">\n\t\t\t\t\t<div class=\"elementor-column elementor-col-50 elementor-inner-column elementor-element elementor-element-85adc77\" data-id=\"85adc77\" data-element_type=\"column\" data-settings=\"{&quot;background_background&quot;:&quot;classic&quot;}\">\n\t\t\t<div class=\"elementor-widget-wrap elementor-element-populated\">\n\t\t\t\t\t\t<div class=\"elementor-element elementor-element-447ec89 elementor-widget elementor-widget-heading\" data-id=\"447ec89\" data-element_type=\"widget\" data-widget_type=\"heading.default\">\n\t\t\t\t<div class=\"elementor-widget-container\">\n\t\t\t<h2 class=\"elementor-heading-title elementor-size-default\">Vikend u Mlinarici!<\/h2>\t\t<\/div>\n\t\t\t\t<\/div>\n\t\t\t\t<div class=\"elementor-element elementor-element-c887c81 elementor-widget elementor-widget-text-editor\" data-id=\"c887c81\" data-element_type=\"widget\" data-widget_type=\"text-editor.default\">\n\t\t\t\t<div class=\"elementor-widget-container\">\n\t\t\t\t\t\t\t<p><strong>Vikendom tako\u0111er nudimo meni &#8220;zagreba\u010dkog ru\u010dka&#8221;.<\/strong> <br \/>Svakoga vikenda u na\u0161oj ponudi mo\u017eete na\u0107i:<\/p><p><strong><span style=\"color: #fda12a;\">\u2022puricu ili pe\u010denu patku s doma\u0107im mlincima<\/span><\/strong><\/p><p><strong><span style=\"color: #fda12a;\">\u2022gove\u0111u ili ajngemahtec juhu<\/span><\/strong><\/p><p><span style=\"color: #fda12a;\"><strong>\u2022svinjsko ili tele\u0107e pe\u0107enje<\/strong><\/span><\/p><p><strong><span style=\"color: #fda12a;\">\u2022juhe od sezonskog povr\u0107a<\/span><\/strong><\/p><p>a nekoliko jela vikendom prilago\u0111avamo godi\u0161njim dobima.<\/p>\t\t\t\t\t\t<\/div>\n\t\t\t\t<\/div>\n\t\t\t\t\t<\/div>\n\t\t<\/div>\n\t\t\t\t<div class=\"elementor-column elementor-col-50 elementor-inner-column elementor-element elementor-element-f94f10e\" data-id=\"f94f10e\" data-element_type=\"column\">\n\t\t\t<div class=\"elementor-widget-wrap elementor-element-populated\">\n\t\t\t\t\t\t<div class=\"elementor-element elementor-element-c29bdbe elementor-widget elementor-widget-image\" data-id=\"c29bdbe\" data-element_type=\"widget\" data-settings=\"{&quot;_animation&quot;:&quot;none&quot;,&quot;_animation_mobile&quot;:&quot;none&quot;}\" data-widget_type=\"image.default\">\n\t\t\t\t<div class=\"elementor-widget-container\">\n\t\t\t\t\t\t\t\t\t\t\t\t\t<img loading=\"lazy\" decoding=\"async\" width=\"800\" height=\"534\" src=\"https:\/\/mlinarica.hr\/izmjene\/wp-content\/uploads\/2021\/04\/Mlinarica-vikend-1024x684.jpg\" class=\"attachment-large size-large wp-image-1772\" alt=\"Mlinarica dnevna ponuda gableca Doma\u0107a gove\u0111a juha\" srcset=\"https:\/\/mlinarica.hr\/izmjene\/wp-content\/uploads\/2021\/04\/Mlinarica-vikend-1024x684.jpg 1024w, https:\/\/mlinarica.hr\/izmjene\/wp-content\/uploads\/2021\/04\/Mlinarica-vikend-300x200.jpg 300w, https:\/\/mlinarica.hr\/izmjene\/wp-content\/uploads\/2021\/04\/Mlinarica-vikend-768x513.jpg 768w, https:\/\/mlinarica.hr\/izmjene\/wp-content\/uploads\/2021\/04\/Mlinarica-vikend-1536x1026.jpg 1536w, https:\/\/mlinarica.hr\/izmjene\/wp-content\/uploads\/2021\/04\/Mlinarica-vikend.jpg 1920w\" sizes=\"(max-width: 800px) 100vw, 800px\" \/>\t\t\t\t\t\t\t\t\t\t\t\t\t<\/div>\n\t\t\t\t<\/div>\n\t\t\t\t<div class=\"elementor-element elementor-element-44c1091 elementor-hidden-phone elementor-skin-carousel elementor-arrows-yes elementor-pagination-type-bullets elementor-pagination-position-outside elementor-widget elementor-widget-media-carousel\" data-id=\"44c1091\" data-element_type=\"widget\" data-settings=\"{&quot;slides_per_view&quot;:&quot;3&quot;,&quot;slides_to_scroll&quot;:&quot;1&quot;,&quot;skin&quot;:&quot;carousel&quot;,&quot;effect&quot;:&quot;slide&quot;,&quot;show_arrows&quot;:&quot;yes&quot;,&quot;pagination&quot;:&quot;bullets&quot;,&quot;speed&quot;:500,&quot;autoplay&quot;:&quot;yes&quot;,&quot;autoplay_speed&quot;:5000,&quot;loop&quot;:&quot;yes&quot;,&quot;pause_on_hover&quot;:&quot;yes&quot;,&quot;pause_on_interaction&quot;:&quot;yes&quot;,&quot;space_between&quot;:{&quot;unit&quot;:&quot;px&quot;,&quot;size&quot;:10,&quot;sizes&quot;:[]},&quot;space_between_tablet&quot;:{&quot;unit&quot;:&quot;px&quot;,&quot;size&quot;:10,&quot;sizes&quot;:[]},&quot;space_between_mobile&quot;:{&quot;unit&quot;:&quot;px&quot;,&quot;size&quot;:10,&quot;sizes&quot;:[]}}\" data-widget_type=\"media-carousel.default\">\n\t\t\t\t<div class=\"elementor-widget-container\">\n\t\t\t\t\t<div class=\"elementor-swiper\">\n\t\t\t<div class=\"elementor-main-swiper swiper\">\n\t\t\t\t<div class=\"swiper-wrapper\">\n\t\t\t\t\t\t\t\t\t\t\t<div class=\"swiper-slide\">\n\t\t\t\t\t\t\t<a href=\"https:\/\/mlinarica.hr\/izmjene\/wp-content\/uploads\/2021\/01\/Patka.jpg\" data-elementor-open-lightbox=\"yes\" data-elementor-lightbox-slideshow=\"44c1091\" data-elementor-lightbox-title=\"Mlinarica-patka-sa-mlincima\" data-elementor-lightbox-description=\"Pe\u0107ena patka sa doma\u0107im mlincima dio je na\u0161e vikend ponude\" data-e-action-hash=\"#elementor-action%3Aaction%3Dlightbox%26settings%3DeyJpZCI6NzYxLCJ1cmwiOiJodHRwczpcL1wvbWxpbmFyaWNhLmhyXC9pem1qZW5lXC93cC1jb250ZW50XC91cGxvYWRzXC8yMDIxXC8wMVwvUGF0a2EuanBnIiwic2xpZGVzaG93IjoiNDRjMTA5MSJ9\">\t\t<div class=\"elementor-carousel-image\" role=\"img\" aria-label=\"pe\u010dena patka\" style=\"background-image: url(&#039;https:\/\/mlinarica.hr\/izmjene\/wp-content\/uploads\/2021\/01\/Patka-300x200.jpg&#039;)\">\n\n\t\t\t\n\t\t\t\t\t<\/div>\n\t\t<\/a>\t\t\t\t\t\t<\/div>\n\t\t\t\t\t\t\t\t\t\t\t<div class=\"swiper-slide\">\n\t\t\t\t\t\t\t<a href=\"https:\/\/mlinarica.hr\/izmjene\/wp-content\/uploads\/2021\/01\/Pecenje.jpg\" data-elementor-open-lightbox=\"yes\" data-elementor-lightbox-slideshow=\"44c1091\" data-elementor-lightbox-title=\"Mlinarica-telece-pecenje\" data-elementor-lightbox-description=\"Jedno od pe\u0107enja iz na\u0161e vikend ponude\" data-e-action-hash=\"#elementor-action%3Aaction%3Dlightbox%26settings%3DeyJpZCI6NzYyLCJ1cmwiOiJodHRwczpcL1wvbWxpbmFyaWNhLmhyXC9pem1qZW5lXC93cC1jb250ZW50XC91cGxvYWRzXC8yMDIxXC8wMVwvUGVjZW5qZS5qcGciLCJzbGlkZXNob3ciOiI0NGMxMDkxIn0%3D\">\t\t<div class=\"elementor-carousel-image\" role=\"img\" aria-label=\"Mlinarica pe\u0107enje\" style=\"background-image: url(&#039;https:\/\/mlinarica.hr\/izmjene\/wp-content\/uploads\/2021\/01\/Pecenje-300x197.jpg&#039;)\">\n\n\t\t\t\n\t\t\t\t\t<\/div>\n\t\t<\/a>\t\t\t\t\t\t<\/div>\n\t\t\t\t\t\t\t\t\t\t\t<div class=\"swiper-slide\">\n\t\t\t\t\t\t\t<a href=\"https:\/\/mlinarica.hr\/izmjene\/wp-content\/uploads\/2021\/04\/Mlinarica-plata.jpg\" data-elementor-open-lightbox=\"yes\" data-elementor-lightbox-slideshow=\"44c1091\" data-elementor-lightbox-title=\"Mlinarica-plata\" data-elementor-lightbox-description=\"Plata odabranih jela\" data-e-action-hash=\"#elementor-action%3Aaction%3Dlightbox%26settings%3DeyJpZCI6MTc3NCwidXJsIjoiaHR0cHM6XC9cL21saW5hcmljYS5oclwvaXptamVuZVwvd3AtY29udGVudFwvdXBsb2Fkc1wvMjAyMVwvMDRcL01saW5hcmljYS1wbGF0YS5qcGciLCJzbGlkZXNob3ciOiI0NGMxMDkxIn0%3D\">\t\t<div class=\"elementor-carousel-image\" role=\"img\" aria-label=\"Odabrana jela sa ro\u0161tilja\" style=\"background-image: url(&#039;https:\/\/mlinarica.hr\/izmjene\/wp-content\/uploads\/2021\/04\/Mlinarica-plata-300x200.jpg&#039;)\">\n\n\t\t\t\n\t\t\t\t\t<\/div>\n\t\t<\/a>\t\t\t\t\t\t<\/div>\n\t\t\t\t\t\t\t\t\t\t\t<div class=\"swiper-slide\">\n\t\t\t\t\t\t\t\t\t<div class=\"elementor-carousel-image\" role=\"img\" aria-label=\"Purica_72\" style=\"background-image: url(&#039;https:\/\/mlinarica.hr\/izmjene\/wp-content\/uploads\/2021\/01\/Purica_72-300x200.jpg&#039;)\">\n\n\t\t\t\n\t\t\t\t\t<\/div>\n\t\t\t\t\t\t\t\t<\/div>\n\t\t\t\t\t\t\t\t\t<\/div>\n\t\t\t\t\t\t\t\t\t\t\t\t\t\t\t<div class=\"swiper-pagination\"><\/div>\n\t\t\t\t\t\t\t\t\t\t\t\t\t\t\t\t<div class=\"elementor-swiper-button elementor-swiper-button-prev\" role=\"button\" tabindex=\"0\">\n\t\t\t\t\t\t\t<i aria-hidden=\"true\" class=\"eicon-chevron-left\"><\/i>\t\t\t\t\t\t\t<span class=\"elementor-screen-only\">Previous<\/span>\n\t\t\t\t\t\t<\/div>\n\t\t\t\t\t\t<div class=\"elementor-swiper-button elementor-swiper-button-next\" role=\"button\" tabindex=\"0\">\n\t\t\t\t\t\t\t<i aria-hidden=\"true\" class=\"eicon-chevron-right\"><\/i>\t\t\t\t\t\t\t<span class=\"elementor-screen-only\">Next<\/span>\n\t\t\t\t\t\t<\/div>\n\t\t\t\t\t\t\t\t\t\t\t\t<\/div>\n\t\t<\/div>\n\t\t\t\t<\/div>\n\t\t\t\t<\/div>\n\t\t\t\t\t<\/div>\n\t\t<\/div>\n\t\t\t\t\t<\/div>\n\t\t<\/section>\n\t\t\t\t<section class=\"elementor-section elementor-inner-section elementor-element elementor-element-3eb31a0 elementor-section-full_width elementor-section-height-default elementor-section-height-default\" data-id=\"3eb31a0\" data-element_type=\"section\">\n\t\t\t\t\t\t<div class=\"elementor-container elementor-column-gap-no\">\n\t\t\t\t\t<div class=\"elementor-column elementor-col-50 elementor-inner-column elementor-element elementor-element-d79bac2\" data-id=\"d79bac2\" data-element_type=\"column\">\n\t\t\t<div class=\"elementor-widget-wrap elementor-element-populated\">\n\t\t\t\t\t\t<div class=\"elementor-element elementor-element-ee479c0 elementor-widget elementor-widget-image\" data-id=\"ee479c0\" data-element_type=\"widget\" data-settings=\"{&quot;_animation&quot;:&quot;none&quot;,&quot;_animation_mobile&quot;:&quot;none&quot;}\" data-widget_type=\"image.default\">\n\t\t\t\t<div class=\"elementor-widget-container\">\n\t\t\t\t\t\t\t\t\t\t\t\t\t<img loading=\"lazy\" decoding=\"async\" width=\"800\" height=\"534\" src=\"https:\/\/mlinarica.hr\/izmjene\/wp-content\/uploads\/2021\/04\/Mlinarica-sarma-1024x684.jpg\" class=\"attachment-large size-large wp-image-1784\" alt=\"Zimska jela sa kiselim kupusom\" srcset=\"https:\/\/mlinarica.hr\/izmjene\/wp-content\/uploads\/2021\/04\/Mlinarica-sarma-1024x684.jpg 1024w, https:\/\/mlinarica.hr\/izmjene\/wp-content\/uploads\/2021\/04\/Mlinarica-sarma-300x200.jpg 300w, https:\/\/mlinarica.hr\/izmjene\/wp-content\/uploads\/2021\/04\/Mlinarica-sarma-768x513.jpg 768w, https:\/\/mlinarica.hr\/izmjene\/wp-content\/uploads\/2021\/04\/Mlinarica-sarma-1536x1026.jpg 1536w, https:\/\/mlinarica.hr\/izmjene\/wp-content\/uploads\/2021\/04\/Mlinarica-sarma.jpg 1920w\" sizes=\"(max-width: 800px) 100vw, 800px\" \/>\t\t\t\t\t\t\t\t\t\t\t\t\t<\/div>\n\t\t\t\t<\/div>\n\t\t\t\t<div class=\"elementor-element elementor-element-1001023 elementor-hidden-phone elementor-skin-carousel elementor-arrows-yes elementor-pagination-type-bullets elementor-pagination-position-outside elementor-widget elementor-widget-media-carousel\" data-id=\"1001023\" data-element_type=\"widget\" data-settings=\"{&quot;slides_per_view&quot;:&quot;3&quot;,&quot;slides_to_scroll&quot;:&quot;1&quot;,&quot;skin&quot;:&quot;carousel&quot;,&quot;effect&quot;:&quot;slide&quot;,&quot;show_arrows&quot;:&quot;yes&quot;,&quot;pagination&quot;:&quot;bullets&quot;,&quot;speed&quot;:500,&quot;autoplay&quot;:&quot;yes&quot;,&quot;autoplay_speed&quot;:5000,&quot;loop&quot;:&quot;yes&quot;,&quot;pause_on_hover&quot;:&quot;yes&quot;,&quot;pause_on_interaction&quot;:&quot;yes&quot;,&quot;space_between&quot;:{&quot;unit&quot;:&quot;px&quot;,&quot;size&quot;:10,&quot;sizes&quot;:[]},&quot;space_between_tablet&quot;:{&quot;unit&quot;:&quot;px&quot;,&quot;size&quot;:10,&quot;sizes&quot;:[]},&quot;space_between_mobile&quot;:{&quot;unit&quot;:&quot;px&quot;,&quot;size&quot;:10,&quot;sizes&quot;:[]}}\" data-widget_type=\"media-carousel.default\">\n\t\t\t\t<div class=\"elementor-widget-container\">\n\t\t\t\t\t<div class=\"elementor-swiper\">\n\t\t\t<div class=\"elementor-main-swiper swiper\">\n\t\t\t\t<div class=\"swiper-wrapper\">\n\t\t\t\t\t\t\t\t\t\t\t<div class=\"swiper-slide\">\n\t\t\t\t\t\t\t<a href=\"https:\/\/mlinarica.hr\/izmjene\/wp-content\/uploads\/2021\/01\/Mlinarica-Krvavice.jpg\" data-elementor-open-lightbox=\"yes\" data-elementor-lightbox-slideshow=\"1001023\" data-elementor-lightbox-title=\"Mlinarica-Krvavice\" data-elementor-lightbox-description=\"Doma\u0107e krvavice sa restanim krumpirom i dinstanim kiselim zeljem\" data-e-action-hash=\"#elementor-action%3Aaction%3Dlightbox%26settings%3DeyJpZCI6Njk3LCJ1cmwiOiJodHRwczpcL1wvbWxpbmFyaWNhLmhyXC9pem1qZW5lXC93cC1jb250ZW50XC91cGxvYWRzXC8yMDIxXC8wMVwvTWxpbmFyaWNhLUtydmF2aWNlLmpwZyIsInNsaWRlc2hvdyI6IjEwMDEwMjMifQ%3D%3D\">\t\t<div class=\"elementor-carousel-image\" role=\"img\" aria-label=\"Doma\u0107e krvavice\" style=\"background-image: url(&#039;https:\/\/mlinarica.hr\/izmjene\/wp-content\/uploads\/2021\/01\/Mlinarica-Krvavice-300x200.jpg&#039;)\">\n\n\t\t\t\n\t\t\t\t\t<\/div>\n\t\t<\/a>\t\t\t\t\t\t<\/div>\n\t\t\t\t\t\t\t\t\t\t\t<div class=\"swiper-slide\">\n\t\t\t\t\t\t\t<a href=\"https:\/\/mlinarica.hr\/izmjene\/wp-content\/uploads\/2021\/01\/Buncek_72.jpg\" data-elementor-open-lightbox=\"yes\" data-elementor-lightbox-slideshow=\"1001023\" data-elementor-lightbox-title=\"Kuhani-su\u0161eni-buncek\" data-elementor-lightbox-description=\"Doma\u0107i kuhani su\u0161eni buncek sa restanim krumpirom i dinstanim kiselim zeljem\" data-e-action-hash=\"#elementor-action%3Aaction%3Dlightbox%26settings%3DeyJpZCI6NzU5LCJ1cmwiOiJodHRwczpcL1wvbWxpbmFyaWNhLmhyXC9pem1qZW5lXC93cC1jb250ZW50XC91cGxvYWRzXC8yMDIxXC8wMVwvQnVuY2VrXzcyLmpwZyIsInNsaWRlc2hvdyI6IjEwMDEwMjMifQ%3D%3D\">\t\t<div class=\"elementor-carousel-image\" role=\"img\" aria-label=\"buncek sa zeljem\" style=\"background-image: url(&#039;https:\/\/mlinarica.hr\/izmjene\/wp-content\/uploads\/2021\/01\/Buncek_72-300x196.jpg&#039;)\">\n\n\t\t\t\n\t\t\t\t\t<\/div>\n\t\t<\/a>\t\t\t\t\t\t<\/div>\n\t\t\t\t\t\t\t\t\t\t\t<div class=\"swiper-slide\">\n\t\t\t\t\t\t\t<a href=\"https:\/\/mlinarica.hr\/izmjene\/wp-content\/uploads\/2021\/01\/Mlinarica-cesnjovke.jpg\" data-elementor-open-lightbox=\"yes\" data-elementor-lightbox-slideshow=\"1001023\" data-elementor-lightbox-title=\"Mlinarica-\u010de\u0161njovke\" data-elementor-lightbox-description=\"Doma\u0107e \u010de\u0161njovke sa restanim krumpirom i dinstanim kiselim zeljem\" data-e-action-hash=\"#elementor-action%3Aaction%3Dlightbox%26settings%3DeyJpZCI6MTA3MywidXJsIjoiaHR0cHM6XC9cL21saW5hcmljYS5oclwvaXptamVuZVwvd3AtY29udGVudFwvdXBsb2Fkc1wvMjAyMVwvMDFcL01saW5hcmljYS1jZXNuam92a2UuanBnIiwic2xpZGVzaG93IjoiMTAwMTAyMyJ9\">\t\t<div class=\"elementor-carousel-image\" role=\"img\" aria-label=\"mlinarica doma\u0107e \u010de\u0161njovke\" style=\"background-image: url(&#039;https:\/\/mlinarica.hr\/izmjene\/wp-content\/uploads\/2021\/01\/Mlinarica-cesnjovke-300x200.jpg&#039;)\">\n\n\t\t\t\n\t\t\t\t\t<\/div>\n\t\t<\/a>\t\t\t\t\t\t<\/div>\n\t\t\t\t\t\t\t\t\t\t\t<div class=\"swiper-slide\">\n\t\t\t\t\t\t\t\t\t<div class=\"elementor-carousel-image\" role=\"img\" aria-label=\"Purica_72\" style=\"background-image: url(&#039;https:\/\/mlinarica.hr\/izmjene\/wp-content\/uploads\/2021\/01\/Purica_72-300x200.jpg&#039;)\">\n\n\t\t\t\n\t\t\t\t\t<\/div>\n\t\t\t\t\t\t\t\t<\/div>\n\t\t\t\t\t\t\t\t\t<\/div>\n\t\t\t\t\t\t\t\t\t\t\t\t\t\t\t<div class=\"swiper-pagination\"><\/div>\n\t\t\t\t\t\t\t\t\t\t\t\t\t\t\t\t<div class=\"elementor-swiper-button elementor-swiper-button-prev\" role=\"button\" tabindex=\"0\">\n\t\t\t\t\t\t\t<i aria-hidden=\"true\" class=\"eicon-chevron-left\"><\/i>\t\t\t\t\t\t\t<span class=\"elementor-screen-only\">Previous<\/span>\n\t\t\t\t\t\t<\/div>\n\t\t\t\t\t\t<div class=\"elementor-swiper-button elementor-swiper-button-next\" role=\"button\" tabindex=\"0\">\n\t\t\t\t\t\t\t<i aria-hidden=\"true\" class=\"eicon-chevron-right\"><\/i>\t\t\t\t\t\t\t<span class=\"elementor-screen-only\">Next<\/span>\n\t\t\t\t\t\t<\/div>\n\t\t\t\t\t\t\t\t\t\t\t\t<\/div>\n\t\t<\/div>\n\t\t\t\t<\/div>\n\t\t\t\t<\/div>\n\t\t\t\t\t<\/div>\n\t\t<\/div>\n\t\t\t\t<div class=\"elementor-column elementor-col-50 elementor-inner-column elementor-element elementor-element-751f320\" data-id=\"751f320\" data-element_type=\"column\" data-settings=\"{&quot;background_background&quot;:&quot;classic&quot;}\">\n\t\t\t<div class=\"elementor-widget-wrap elementor-element-populated\">\n\t\t\t\t\t\t<div class=\"elementor-element elementor-element-66506b1 elementor-widget elementor-widget-heading\" data-id=\"66506b1\" data-element_type=\"widget\" data-widget_type=\"heading.default\">\n\t\t\t\t<div class=\"elementor-widget-container\">\n\t\t\t<h2 class=\"elementor-heading-title elementor-size-default\">Zimska kuhinja!<\/h2>\t\t<\/div>\n\t\t\t\t<\/div>\n\t\t\t\t<div class=\"elementor-element elementor-element-73270cc elementor-widget elementor-widget-text-editor\" data-id=\"73270cc\" data-element_type=\"widget\" data-widget_type=\"text-editor.default\">\n\t\t\t\t<div class=\"elementor-widget-container\">\n\t\t\t\t\t\t\t<p>Prilago\u0111eni meni sastavljamo i za zimske dane. Tijekom zime u stalnoj ponudi imamo:<\/p><p><strong><span style=\"color: #fda12a;\">\u2022doma\u0107e krvavice<\/span><\/strong><\/p><p><strong><span style=\"color: #fda12a;\">\u2022doma\u0107e \u010de\u0161njovke<\/span><\/strong><\/p><p><span style=\"color: #fda12a;\"><strong>\u2022buncek<\/strong><\/span><\/p><p><span style=\"color: #fda12a;\"><strong>\u2022sarmu<\/strong><\/span><\/p><p><strong><span style=\"color: #fda12a;\">\u2022zimski lonac i razli\u010dita zimska variva<\/span><\/strong><\/p><p>Krvavice i \u010de\u0161njovke proizvodimo sami, te ih dimimo i su\u0161imo u vlastitoj pu\u0161nici koja se nalazi u sklopu pivnice.<\/p><p style=\"text-align: left;\">\u00a0<\/p>\t\t\t\t\t\t<\/div>\n\t\t\t\t<\/div>\n\t\t\t\t\t<\/div>\n\t\t<\/div>\n\t\t\t\t\t<\/div>\n\t\t<\/section>\n\t\t\t\t\t<\/div>\n\t\t<\/div>\n\t\t\t\t\t<\/div>\n\t\t<\/section>\n\t\t\t\t<\/div>\n\t\t","protected":false},"excerpt":{"rendered":"<p>Doma\u0107a kuhinja Namirnice s provjerenih farmi i OPG-ova, vlastita prerada mesa, dnevna ponuda gableca, pe\u010denja, doma\u0107i kola\u010di i kruh! U Mlinarici ve\u0107inu stvari pripremamo sami, pru\u017eaju\u0107i Vam mirise i okuse doma\u0107e kuhinje. Svakodnevno pe\u010demo kruh, kram poga\u010dice, razli\u010dite vrste kiflica, radimo njoke, krokete, kiselimo zelje. Svaki dan radimo vlastitu smjesu za \u0107evape i pljeskavice, obra\u0111ujemo [&hellip;]<\/p>\n","protected":false},"author":1,"featured_media":1772,"parent":0,"menu_order":0,"comment_status":"closed","ping_status":"closed","template":"elementor_header_footer","meta":{"_acf_changed":false,"footnotes":""},"class_list":["post-211","page","type-page","status-publish","has-post-thumbnail","hentry"],"acf":[],"yoast_head":"<!-- This site is optimized with the Yoast SEO plugin v23.4 - https:\/\/yoast.com\/wordpress\/plugins\/seo\/ -->\n<title>Dnevna ponuda gableca i jela s ro\u0161tilja - Pivnica Mlinarica<\/title>\n<meta name=\"description\" content=\"Na\u0161a dnevna ponuda gableca i jela sa ro\u0161tilja odgovori su na pitanje &quot;Za\u0161to se u Mlinarici tra\u017ei stol vi\u0161e?&quot;. Rezerviraj stol na vrijeme!\" \/>\n<meta name=\"robots\" content=\"noindex, follow, max-snippet:-1, max-image-preview:large, max-video-preview:-1\" \/>\n<meta property=\"og:locale\" content=\"hr_HR\" \/>\n<meta property=\"og:type\" content=\"article\" \/>\n<meta property=\"og:title\" content=\"Dnevna ponuda gableca i jela s ro\u0161tilja - Pivnica Mlinarica\" \/>\n<meta property=\"og:description\" content=\"Na\u0161a dnevna ponuda gableca i jela sa ro\u0161tilja odgovori su na pitanje &quot;Za\u0161to se u Mlinarici tra\u017ei stol vi\u0161e?&quot;. Rezerviraj stol na vrijeme!\" \/>\n<meta property=\"og:url\" content=\"https:\/\/mlinarica.hr\/izmjene\/dnevna-ponuda-gableca-i-jela-s-rostilja\/\" \/>\n<meta property=\"og:site_name\" content=\"Pivnica i pivovara Mlinarica\" \/>\n<meta property=\"article:modified_time\" content=\"2022-02-13T21:27:53+00:00\" \/>\n<meta property=\"og:image\" content=\"https:\/\/mlinarica.hr\/izmjene\/wp-content\/uploads\/2021\/04\/Mlinarica-vikend.jpg\" \/>\n\t<meta property=\"og:image:width\" content=\"1920\" \/>\n\t<meta property=\"og:image:height\" content=\"1282\" \/>\n\t<meta property=\"og:image:type\" content=\"image\/jpeg\" \/>\n<meta name=\"twitter:card\" content=\"summary_large_image\" \/>\n<meta name=\"twitter:label1\" content=\"Procijenjeno vrijeme \u010ditanja\" \/>\n\t<meta name=\"twitter:data1\" content=\"4 minute\" \/>\n<script type=\"application\/ld+json\" class=\"yoast-schema-graph\">{\"@context\":\"https:\/\/schema.org\",\"@graph\":[{\"@type\":\"WebPage\",\"@id\":\"https:\/\/mlinarica.hr\/izmjene\/dnevna-ponuda-gableca-i-jela-s-rostilja\/\",\"url\":\"https:\/\/mlinarica.hr\/izmjene\/dnevna-ponuda-gableca-i-jela-s-rostilja\/\",\"name\":\"Dnevna ponuda gableca i jela s ro\u0161tilja - Pivnica Mlinarica\",\"isPartOf\":{\"@id\":\"https:\/\/mlinarica.hr\/izmjene\/#website\"},\"primaryImageOfPage\":{\"@id\":\"https:\/\/mlinarica.hr\/izmjene\/dnevna-ponuda-gableca-i-jela-s-rostilja\/#primaryimage\"},\"image\":{\"@id\":\"https:\/\/mlinarica.hr\/izmjene\/dnevna-ponuda-gableca-i-jela-s-rostilja\/#primaryimage\"},\"thumbnailUrl\":\"https:\/\/mlinarica.hr\/izmjene\/wp-content\/uploads\/2021\/04\/Mlinarica-vikend.jpg\",\"datePublished\":\"2021-01-18T08:15:31+00:00\",\"dateModified\":\"2022-02-13T21:27:53+00:00\",\"description\":\"Na\u0161a dnevna ponuda gableca i jela sa ro\u0161tilja odgovori su na pitanje \\\"Za\u0161to se u Mlinarici tra\u017ei stol vi\u0161e?\\\". Rezerviraj stol na vrijeme!\",\"breadcrumb\":{\"@id\":\"https:\/\/mlinarica.hr\/izmjene\/dnevna-ponuda-gableca-i-jela-s-rostilja\/#breadcrumb\"},\"inLanguage\":\"hr\",\"potentialAction\":[{\"@type\":\"ReadAction\",\"target\":[\"https:\/\/mlinarica.hr\/izmjene\/dnevna-ponuda-gableca-i-jela-s-rostilja\/\"]}]},{\"@type\":\"ImageObject\",\"inLanguage\":\"hr\",\"@id\":\"https:\/\/mlinarica.hr\/izmjene\/dnevna-ponuda-gableca-i-jela-s-rostilja\/#primaryimage\",\"url\":\"https:\/\/mlinarica.hr\/izmjene\/wp-content\/uploads\/2021\/04\/Mlinarica-vikend.jpg\",\"contentUrl\":\"https:\/\/mlinarica.hr\/izmjene\/wp-content\/uploads\/2021\/04\/Mlinarica-vikend.jpg\",\"width\":1920,\"height\":1282,\"caption\":\"Mlinarica dnevna ponuda gableca Doma\u0107a gove\u0111a juha\"},{\"@type\":\"BreadcrumbList\",\"@id\":\"https:\/\/mlinarica.hr\/izmjene\/dnevna-ponuda-gableca-i-jela-s-rostilja\/#breadcrumb\",\"itemListElement\":[{\"@type\":\"ListItem\",\"position\":1,\"name\":\"Po\u010detna stranica\",\"item\":\"https:\/\/mlinarica.hr\/izmjene\/\"},{\"@type\":\"ListItem\",\"position\":2,\"name\":\"Kuhinja\"}]},{\"@type\":\"WebSite\",\"@id\":\"https:\/\/mlinarica.hr\/izmjene\/#website\",\"url\":\"https:\/\/mlinarica.hr\/izmjene\/\",\"name\":\"Pivnica i pivovara Mlinarica\",\"description\":\"Doma\u0107a hrana i vlastito craft pivo\",\"publisher\":{\"@id\":\"https:\/\/mlinarica.hr\/izmjene\/#organization\"},\"potentialAction\":[{\"@type\":\"SearchAction\",\"target\":{\"@type\":\"EntryPoint\",\"urlTemplate\":\"https:\/\/mlinarica.hr\/izmjene\/?s={search_term_string}\"},\"query-input\":{\"@type\":\"PropertyValueSpecification\",\"valueRequired\":true,\"valueName\":\"search_term_string\"}}],\"inLanguage\":\"hr\"},{\"@type\":\"Organization\",\"@id\":\"https:\/\/mlinarica.hr\/izmjene\/#organization\",\"name\":\"Pivnica i pivovara Mlinarica\",\"url\":\"https:\/\/mlinarica.hr\/izmjene\/\",\"logo\":{\"@type\":\"ImageObject\",\"inLanguage\":\"hr\",\"@id\":\"https:\/\/mlinarica.hr\/izmjene\/#\/schema\/logo\/image\/\",\"url\":\"https:\/\/mlinarica.hr\/izmjene\/wp-content\/uploads\/2020\/12\/cropped-Mlinarica_siteicon.png\",\"contentUrl\":\"https:\/\/mlinarica.hr\/izmjene\/wp-content\/uploads\/2020\/12\/cropped-Mlinarica_siteicon.png\",\"width\":504,\"height\":426,\"caption\":\"Pivnica i pivovara Mlinarica\"},\"image\":{\"@id\":\"https:\/\/mlinarica.hr\/izmjene\/#\/schema\/logo\/image\/\"}}]}<\/script>\n<!-- \/ Yoast SEO plugin. -->","yoast_head_json":{"title":"Dnevna ponuda gableca i jela s ro\u0161tilja - Pivnica Mlinarica","description":"Na\u0161a dnevna ponuda gableca i jela sa ro\u0161tilja odgovori su na pitanje \"Za\u0161to se u Mlinarici tra\u017ei stol vi\u0161e?\". Rezerviraj stol na vrijeme!","robots":{"index":"noindex","follow":"follow","max-snippet":"max-snippet:-1","max-image-preview":"max-image-preview:large","max-video-preview":"max-video-preview:-1"},"og_locale":"hr_HR","og_type":"article","og_title":"Dnevna ponuda gableca i jela s ro\u0161tilja - Pivnica Mlinarica","og_description":"Na\u0161a dnevna ponuda gableca i jela sa ro\u0161tilja odgovori su na pitanje \"Za\u0161to se u Mlinarici tra\u017ei stol vi\u0161e?\". Rezerviraj stol na vrijeme!","og_url":"https:\/\/mlinarica.hr\/izmjene\/dnevna-ponuda-gableca-i-jela-s-rostilja\/","og_site_name":"Pivnica i pivovara Mlinarica","article_modified_time":"2022-02-13T21:27:53+00:00","og_image":[{"width":1920,"height":1282,"url":"https:\/\/mlinarica.hr\/izmjene\/wp-content\/uploads\/2021\/04\/Mlinarica-vikend.jpg","type":"image\/jpeg"}],"twitter_card":"summary_large_image","twitter_misc":{"Procijenjeno vrijeme \u010ditanja":"4 minute"},"schema":{"@context":"https:\/\/schema.org","@graph":[{"@type":"WebPage","@id":"https:\/\/mlinarica.hr\/izmjene\/dnevna-ponuda-gableca-i-jela-s-rostilja\/","url":"https:\/\/mlinarica.hr\/izmjene\/dnevna-ponuda-gableca-i-jela-s-rostilja\/","name":"Dnevna ponuda gableca i jela s ro\u0161tilja - Pivnica Mlinarica","isPartOf":{"@id":"https:\/\/mlinarica.hr\/izmjene\/#website"},"primaryImageOfPage":{"@id":"https:\/\/mlinarica.hr\/izmjene\/dnevna-ponuda-gableca-i-jela-s-rostilja\/#primaryimage"},"image":{"@id":"https:\/\/mlinarica.hr\/izmjene\/dnevna-ponuda-gableca-i-jela-s-rostilja\/#primaryimage"},"thumbnailUrl":"https:\/\/mlinarica.hr\/izmjene\/wp-content\/uploads\/2021\/04\/Mlinarica-vikend.jpg","datePublished":"2021-01-18T08:15:31+00:00","dateModified":"2022-02-13T21:27:53+00:00","description":"Na\u0161a dnevna ponuda gableca i jela sa ro\u0161tilja odgovori su na pitanje \"Za\u0161to se u Mlinarici tra\u017ei stol vi\u0161e?\". Rezerviraj stol na vrijeme!","breadcrumb":{"@id":"https:\/\/mlinarica.hr\/izmjene\/dnevna-ponuda-gableca-i-jela-s-rostilja\/#breadcrumb"},"inLanguage":"hr","potentialAction":[{"@type":"ReadAction","target":["https:\/\/mlinarica.hr\/izmjene\/dnevna-ponuda-gableca-i-jela-s-rostilja\/"]}]},{"@type":"ImageObject","inLanguage":"hr","@id":"https:\/\/mlinarica.hr\/izmjene\/dnevna-ponuda-gableca-i-jela-s-rostilja\/#primaryimage","url":"https:\/\/mlinarica.hr\/izmjene\/wp-content\/uploads\/2021\/04\/Mlinarica-vikend.jpg","contentUrl":"https:\/\/mlinarica.hr\/izmjene\/wp-content\/uploads\/2021\/04\/Mlinarica-vikend.jpg","width":1920,"height":1282,"caption":"Mlinarica dnevna ponuda gableca Doma\u0107a gove\u0111a juha"},{"@type":"BreadcrumbList","@id":"https:\/\/mlinarica.hr\/izmjene\/dnevna-ponuda-gableca-i-jela-s-rostilja\/#breadcrumb","itemListElement":[{"@type":"ListItem","position":1,"name":"Po\u010detna stranica","item":"https:\/\/mlinarica.hr\/izmjene\/"},{"@type":"ListItem","position":2,"name":"Kuhinja"}]},{"@type":"WebSite","@id":"https:\/\/mlinarica.hr\/izmjene\/#website","url":"https:\/\/mlinarica.hr\/izmjene\/","name":"Pivnica i pivovara Mlinarica","description":"Doma\u0107a hrana i vlastito craft pivo","publisher":{"@id":"https:\/\/mlinarica.hr\/izmjene\/#organization"},"potentialAction":[{"@type":"SearchAction","target":{"@type":"EntryPoint","urlTemplate":"https:\/\/mlinarica.hr\/izmjene\/?s={search_term_string}"},"query-input":{"@type":"PropertyValueSpecification","valueRequired":true,"valueName":"search_term_string"}}],"inLanguage":"hr"},{"@type":"Organization","@id":"https:\/\/mlinarica.hr\/izmjene\/#organization","name":"Pivnica i pivovara Mlinarica","url":"https:\/\/mlinarica.hr\/izmjene\/","logo":{"@type":"ImageObject","inLanguage":"hr","@id":"https:\/\/mlinarica.hr\/izmjene\/#\/schema\/logo\/image\/","url":"https:\/\/mlinarica.hr\/izmjene\/wp-content\/uploads\/2020\/12\/cropped-Mlinarica_siteicon.png","contentUrl":"https:\/\/mlinarica.hr\/izmjene\/wp-content\/uploads\/2020\/12\/cropped-Mlinarica_siteicon.png","width":504,"height":426,"caption":"Pivnica i pivovara Mlinarica"},"image":{"@id":"https:\/\/mlinarica.hr\/izmjene\/#\/schema\/logo\/image\/"}}]}},"_links":{"self":[{"href":"https:\/\/mlinarica.hr\/izmjene\/wp-json\/wp\/v2\/pages\/211"}],"collection":[{"href":"https:\/\/mlinarica.hr\/izmjene\/wp-json\/wp\/v2\/pages"}],"about":[{"href":"https:\/\/mlinarica.hr\/izmjene\/wp-json\/wp\/v2\/types\/page"}],"author":[{"embeddable":true,"href":"https:\/\/mlinarica.hr\/izmjene\/wp-json\/wp\/v2\/users\/1"}],"replies":[{"embeddable":true,"href":"https:\/\/mlinarica.hr\/izmjene\/wp-json\/wp\/v2\/comments?post=211"}],"version-history":[{"count":362,"href":"https:\/\/mlinarica.hr\/izmjene\/wp-json\/wp\/v2\/pages\/211\/revisions"}],"predecessor-version":[{"id":4307,"href":"https:\/\/mlinarica.hr\/izmjene\/wp-json\/wp\/v2\/pages\/211\/revisions\/4307"}],"wp:featuredmedia":[{"embeddable":true,"href":"https:\/\/mlinarica.hr\/izmjene\/wp-json\/wp\/v2\/media\/1772"}],"wp:attachment":[{"href":"https:\/\/mlinarica.hr\/izmjene\/wp-json\/wp\/v2\/media?parent=211"}],"curies":[{"name":"wp","href":"https:\/\/api.w.org\/{rel}","templated":true}]}}